{"id":11785,"date":"2026-02-11T17:38:08","date_gmt":"2026-02-11T16:38:08","guid":{"rendered":"https:\/\/planetamagico.ch\/business\/la-salle-des-droits-de-lhomme-et-de-lalliance-des-civilisations-2\/"},"modified":"2026-02-11T17:38:08","modified_gmt":"2026-02-11T16:38:08","slug":"la-salle-des-droits-de-lhomme-et-de-lalliance-des-civilisations","status":"publish","type":"business","link":"https:\/\/planetamagico.ch\/fr\/salle-evenements\/la-salle-des-droits-de-lhomme-et-de-lalliance-des-civilisations\/","title":{"rendered":"La Salle des droits de l&rsquo;homme et de l&rsquo;alliance des civilisations"},"content":{"rendered":"<p>La Salle des droits de l&rsquo;homme et de l&rsquo;alliance des civilisations du Palais des Nations est consid\u00e9r\u00e9e comme une salle prestigieuse, principalement con\u00e7ue pour les r\u00e9unions diplomatiques, les conf\u00e9rences et les \u00e9v\u00e9nements de haut niveau, mais elle est de plus en plus envisag\u00e9e pour les occasions formelles \u00e0 caract\u00e8re \u00e9v\u00e9nementiel.<\/p>\n<p> La salle, aux dimensions g\u00e9n\u00e9reuses et con\u00e7ue pour les s\u00e9ances pl\u00e9ni\u00e8res, est id\u00e9ale pour les conf\u00e9rences, les colloques et les \u00e9v\u00e9nements prestigieux r\u00e9unissant de nombreux participants. Son architecture, \u00e0 la structure claire, offre une excellente visibilit\u00e9 sur l&rsquo;estrade et une infrastructure technique adapt\u00e9e aux sessions multilingues et aux retransmissions multim\u00e9dias. Toutefois, cette conception lui conf\u00e8re une atmosph\u00e8re plus institutionnelle qu&rsquo;intime, ce qui peut \u00eatre per\u00e7u comme un atout ou un inconv\u00e9nient selon le type d&rsquo;\u00e9v\u00e9nement.<\/p>\n<p> Le plafond de la salle est particuli\u00e8rement remarquable et souvent cit\u00e9 par les visiteurs comme un atout esth\u00e9tique majeur. Son design lui conf\u00e8re un caract\u00e8re \u00e0 la fois officiel et artistique, sublimant les images, les enregistrements t\u00e9l\u00e9vis\u00e9s et les photos d&rsquo;\u00e9v\u00e9nements. Ceux qui recherchent un cadre prestigieux trouveront ici un lieu qui se distingue nettement des <b>salons \u00e9v\u00e9nementiels<\/b> traditionnels ou <b>des salles de r\u00e9ception<\/b> classiques.<\/p>\n<p> Contrairement aux services de traiteur priv\u00e9s ou <b>aux formules d&rsquo;organisation d&rsquo;\u00e9v\u00e9nements \u00e0 la carte,<\/b> la Salle des droits de l&rsquo;homme est avant tout une salle de r\u00e9union institutionnelle int\u00e9gr\u00e9e \u00e0 l&rsquo;infrastructure des Nations Unies. De ce fait, l&rsquo;organisation d&rsquo;un \u00e9v\u00e9nement y est soumise \u00e0 une r\u00e9glementation plus stricte, qu&rsquo;il s&rsquo;agisse des exigences de s\u00e9curit\u00e9, des droits d&rsquo;acc\u00e8s ou de la planification. Pour les organisateurs potentiels, cela implique un effort de coordination nettement sup\u00e9rieur \u00e0 celui requis pour une <b>salle de r\u00e9ception<\/b> commerciale traditionnelle ou un espace \u00e9v\u00e9nementiel privatisable.<\/p>\n<p> L&rsquo;un des atouts est l&rsquo;accessibilit\u00e9\u00a0: le lieu est accessible aux personnes en fauteuil roulant, ce qui est essentiel pour les d\u00e9l\u00e9gations internationales et les groupes mixtes. Ces normes structurelles facilitent l&rsquo;organisation d&rsquo;\u00e9v\u00e9nements inclusifs et rendent la salle utilisable par les participants \u00e0 mobilit\u00e9 r\u00e9duite.<\/p>\n<p> Les avis sont partag\u00e9s\u00a0: si certains visiteurs soulignent l\u2019importance de la salle pour le Conseil des droits de l\u2019homme et d\u00e9crivent l\u2019atmosph\u00e8re comme impressionnante et digne, d\u2019autres \u00e9voquent des impressions tr\u00e8s pr\u00e9cises, comme la beaut\u00e9 du plafond, ou des commentaires plus abstraits sans lien direct avec la salle. Globalement, l\u2019impression est celle d\u2019une salle qui impressionne avant tout par son symbolisme et sa fonction, plut\u00f4t que par le confort classique d\u2019un lieu de r\u00e9ception.<\/p>\n<p> Pour les \u00e9v\u00e9nements d&rsquo;entreprise, les r\u00e9unions diplomatiques, les conf\u00e9rences d&rsquo;ONG ou les congr\u00e8s sp\u00e9cialis\u00e9s, la Salle des droits de l&rsquo;homme offre une alternative int\u00e9ressante aux lieux de r\u00e9ception traditionnels ou aux salles de conf\u00e9rence d&rsquo;h\u00f4tel. Son cadre institutionnel conf\u00e8re une plus grande ampleur aux discours, pr\u00e9sentations et tables rondes, et se pr\u00eate particuli\u00e8rement bien aux th\u00e9matiques telles que les droits humains, la coop\u00e9ration internationale ou la politique mondiale.<\/p>\n<p> Cependant, quiconque organise un \u00e9v\u00e9nement priv\u00e9 classique \u2013 mariage, anniversaire important ou f\u00eate de famille \u2013 se heurtera \u00e0 des limitations \u00e9videntes. La disposition des si\u00e8ges, les r\u00e8gles de s\u00e9curit\u00e9, les proc\u00e9dures et l&rsquo;atmosph\u00e8re formelle ne sont pas adapt\u00e9es \u00e0 une r\u00e9ception d\u00e9contract\u00e9e avec piste de danse, DJ, espace enfants ou d\u00e9coration personnalisable. \u00c0 cet \u00e9gard, les options diff\u00e8rent consid\u00e9rablement des salles de r\u00e9ception traditionnelles ou des lieux de f\u00eate priv\u00e9s, qui offrent une plus grande flexibilit\u00e9 en mati\u00e8re de d\u00e9coration, de musique et de d\u00e9roulement.<\/p>\n<p> Concernant les services de restauration, il est important de rappeler que la salle fait partie d&rsquo;une structure organisationnelle plus vaste. Souvent, on fait appel \u00e0 des prestataires internes ou agr\u00e9\u00e9s, dont les services sont adapt\u00e9s aux r\u00e9unions diplomatiques et aux pauses de conf\u00e9rence\u00a0: pauses caf\u00e9, collations l\u00e9g\u00e8res, r\u00e9ceptions officielles avec ap\u00e9ritifs, d\u00e9jeuners formels ou d\u00eeners de gala, le tout dans un cadre strictement d\u00e9fini. Contrairement aux traiteurs ind\u00e9pendants qui proposent des buffets \u00e0 th\u00e8me, des stands culinaires ou des menus personnalis\u00e9s pour les salles de banquet traditionnelles, les options sont ici souvent limit\u00e9es.<\/p>\n<p> Un autre point \u00e0 prendre en compte est la planification et les d\u00e9lais. Si de nombreux services \u00e9v\u00e9nementiels commerciaux permettent des r\u00e9servations plus spontan\u00e9es, un lieu comme la Salle des droits de l&rsquo;homme exige g\u00e9n\u00e9ralement une coordination pr\u00e9alable, des consultations avec les autorit\u00e9s comp\u00e9tentes et le respect des protocoles. Pour les entreprises ou organisations habitu\u00e9es \u00e0 une logistique \u00e9v\u00e9nementielle flexible, cela peut constituer un inconv\u00e9nient et mobiliser des ressources suppl\u00e9mentaires.<\/p>\n<p> L&rsquo;un des points forts de la salle r\u00e9side dans ses \u00e9quipements techniques de pointe pour les conf\u00e9rences\u00a0: syst\u00e8mes d&rsquo;interpr\u00e9tation, mat\u00e9riel audiovisuel et infrastructure de support m\u00e9dia sont au c\u0153ur de sa conception. Ceci facilite l&rsquo;organisation d&rsquo;\u00e9v\u00e9nements multilingues, de panels internationaux et de formats hybrides permettant \u00e0 une partie du public de participer en ligne. Dans <b>les salles de spectacles traditionnelles,<\/b> ces technologies doivent souvent \u00eatre r\u00e9serv\u00e9es s\u00e9par\u00e9ment, ce qui repr\u00e9sente un co\u00fbt important, alors qu&rsquo;ici, elles font partie int\u00e9grante du lieu.<\/p>\n<p> Malgr\u00e9 ses dimensions, la Salle des droits de l&rsquo;homme pr\u00e9sente une structure visuelle bien d\u00e9finie, avec des gradins et une estrade centrale. Pour les organisateurs d&rsquo;\u00e9v\u00e9nements, cela signifie que la salle est id\u00e9ale pour les manifestations ax\u00e9es sur le contenu \u2013 conf\u00e9rences, d\u00e9bats, remises de prix \u2013 mais moins adapt\u00e9e aux formats privil\u00e9giant les discussions informelles, les cocktails ou les rencontres professionnelles. Ceux qui pr\u00e9voient une s\u00e9ance pl\u00e9ni\u00e8re suivie d&rsquo;une r\u00e9ception devront g\u00e9n\u00e9ralement d\u00e9placer cette derni\u00e8re dans d&rsquo;autres espaces du b\u00e2timent.<\/p>\n<p> L&#8217;emplacement au Palais des Nations rev\u00eat \u00e9galement une certaine importance symbolique\u00a0: de nombreux invit\u00e9s associent ce lieu au droit international, aux n\u00e9gociations et aux r\u00e9unions officielles. Pour une pr\u00e9sentation d&rsquo;entreprise, un forum d&rsquo;ONG ou une conf\u00e9rence de haut niveau, cela peut constituer un atout consid\u00e9rable, car le cadre renforce le message. En revanche, pour des c\u00e9l\u00e9brations priv\u00e9es, ce symbolisme peut cr\u00e9er une certaine distance et limiter le lien \u00e9motionnel ou l&rsquo;atmosph\u00e8re festive souhait\u00e9s.<\/p>\n<p> Comparativement aux <b>lieux de r\u00e9ception<\/b> traditionnels, il est frappant de constater que les souhaits individuels concernant la d\u00e9coration, la musique ou le d\u00e9roulement de l&rsquo;\u00e9v\u00e9nement ne sont que partiellement pris en compte. Alors que les espaces \u00e9v\u00e9nementiels priv\u00e9s mettent souvent en avant des concepts de mobilier modulables, diverses options d&rsquo;am\u00e9nagement et des id\u00e9es d&rsquo;\u00e9clairage cr\u00e9atives, La Salle des droits de l&rsquo;homme privil\u00e9gie la fonctionnalit\u00e9 en tant que salle de conf\u00e9rence. Toute personne envisageant d&rsquo;y organiser un \u00e9v\u00e9nement plus festif doit donc s&rsquo;attendre \u00e0 des contraintes spatiales et organisationnelles \u00e9videntes.<\/p>\n<p> Les retours des visiteurs indiquent que l&rsquo;espace est particuli\u00e8rement appr\u00e9ci\u00e9 lorsqu&rsquo;il sert de salle pl\u00e9ni\u00e8re du Conseil des droits de l&rsquo;homme\u00a0: la possibilit\u00e9 d&rsquo;assister aux s\u00e9ances, la composition internationale des d\u00e9l\u00e9gations et l&rsquo;atmosph\u00e8re qui r\u00e8gne lors des conf\u00e9rences sont d\u00e9crites comme impressionnantes. Les critiques sont plus fr\u00e9quentes lorsqu&rsquo;on s&rsquo;attend \u00e0 une salle de r\u00e9ception ou de banquet classique, ce que l&rsquo;espace ne peut offrir dans ce contexte.<\/p>\n<p> Pour les organisateurs recherchant un lieu \u00e0 forte valeur politique et symbolique, la Salle des droits de l&rsquo;homme constitue un choix judicieux. Conf\u00e9rences, auditions, tables rondes, remises de prix relatives aux droits de l&rsquo;homme ou forums internationaux b\u00e9n\u00e9ficient de ses \u00e9quipements techniques, de sa taille et de son int\u00e9gration \u00e0 la structure des Nations Unies. Toutefois, ceux qui s&rsquo;attendent \u00e0 une ambiance flexible et stimulante, \u00e0 l&rsquo;instar d&rsquo;une <b>salle de r\u00e9ception<\/b> classique ou d&rsquo;une <b>salle \u00e9v\u00e9nementielle<\/b> sp\u00e9cialis\u00e9e avec <b>un service traiteur<\/b> adapt\u00e9 au march\u00e9, doivent \u00eatre conscients des contraintes institutionnelles et de l&rsquo;effort organisationnel accru que cela implique.<\/p>\n<p> En conclusion, la Salle des droits de l&rsquo;homme et de l&rsquo;alliance des civilisations s&rsquo;apparente moins \u00e0 une salle de r\u00e9ception classique qu&rsquo;\u00e0 une salle de conf\u00e9rence de grande envergure, formellement am\u00e9nag\u00e9e et aux usages clairement d\u00e9finis. Ses atouts r\u00e9sident dans son symbolisme, sa technologie et son affiliation institutionnelle\u00a0; ses faiblesses apparaissent d\u00e8s lors que l&rsquo;on recherche la spontan\u00e9it\u00e9, une d\u00e9coration personnalis\u00e9e et l&rsquo;atmosph\u00e8re d&rsquo;un <b>lieu de<\/b> r\u00e9ception priv\u00e9. Les utilisateurs potentiels devraient examiner attentivement ces points avant d&rsquo;envisager cette salle comme une alternative aux lieux traditionnels pour <b>\u00e9v\u00e9nements<\/b> , <b>f\u00eates<\/b> ou <b>mariages<\/b> .<\/p>\n","protected":false},"excerpt":{"rendered":"<p>La Salle des droits de l&rsquo;homme \u00e0 Gen\u00e8ve offre un espace formel pour les \u00e9v\u00e9nements, et non un salon de f\u00eates classique, id\u00e9al pour les occasions institutionnelles avec un espace limit\u00e9.<\/p>\n","protected":false},"author":1,"featured_media":11769,"template":"","business-categories":[78],"business-locations":[6126],"business-countries":[48],"business_franchises":[5017],"class_list":["post-11785","business","type-business","status-publish","has-post-thumbnail","hentry","business_category-veranstaltungsstaette","business_location-geneve","business_country-ch","business_franchises-la-salle-des-droits-de-lhomme-et-de-lalliance-des-civilisations"],"_links":{"self":[{"href":"https:\/\/planetamagico.ch\/fr\/wp-json\/wp\/v2\/businesses\/11785","targetHints":{"allow":["GET"]}}],"collection":[{"href":"https:\/\/planetamagico.ch\/fr\/wp-json\/wp\/v2\/businesses"}],"about":[{"href":"https:\/\/planetamagico.ch\/fr\/wp-json\/wp\/v2\/types\/business"}],"author":[{"embeddable":true,"href":"https:\/\/planetamagico.ch\/fr\/wp-json\/wp\/v2\/users\/1"}],"version-history":[{"count":0,"href":"https:\/\/planetamagico.ch\/fr\/wp-json\/wp\/v2\/businesses\/11785\/revisions"}],"wp:featuredmedia":[{"embeddable":true,"href":"https:\/\/planetamagico.ch\/fr\/wp-json\/wp\/v2\/media\/11769"}],"wp:attachment":[{"href":"https:\/\/planetamagico.ch\/fr\/wp-json\/wp\/v2\/media?parent=11785"}],"wp:term":[{"taxonomy":"business_category","embeddable":true,"href":"https:\/\/planetamagico.ch\/fr\/wp-json\/wp\/v2\/business-categories?post=11785"},{"taxonomy":"business_location","embeddable":true,"href":"https:\/\/planetamagico.ch\/fr\/wp-json\/wp\/v2\/business-locations?post=11785"},{"taxonomy":"business_country","embeddable":true,"href":"https:\/\/planetamagico.ch\/fr\/wp-json\/wp\/v2\/business-countries?post=11785"},{"taxonomy":"business_franchises","embeddable":true,"href":"https:\/\/planetamagico.ch\/fr\/wp-json\/wp\/v2\/business_franchises?post=11785"}],"curies":[{"name":"wp","href":"https:\/\/api.w.org\/{rel}","templated":true}]}}