{"id":13907,"date":"2026-02-11T22:48:16","date_gmt":"2026-02-11T21:48:16","guid":{"rendered":"https:\/\/planetamagico.ch\/veranstaltungssaal\/foire-forestiere-de-lucerne\/"},"modified":"2026-02-11T22:48:16","modified_gmt":"2026-02-11T21:48:16","slug":"forstmesse-luzern","status":"publish","type":"business","link":"https:\/\/planetamagico.ch\/fr\/salle-evenements\/forstmesse-luzern\/","title":{"rendered":"Foire foresti\u00e8re de Lucerne"},"content":{"rendered":"<p>Le Salon de la For\u00eat de Lucerne est un salon sp\u00e9cialis\u00e9 d\u00e9di\u00e9 \u00e0 l&rsquo;industrie foresti\u00e8re et du bois, o\u00f9 les professionnels du secteur se rencontrent, \u00e9changent des informations et d\u00e9veloppent leur r\u00e9seau. Bien que r\u00e9solument ax\u00e9 sur l&rsquo;industrie, le lieu convient \u00e9galement \u00e0 certains \u00e9v\u00e9nements professionnels, mais pas aux \u00e9v\u00e9nements mondains ou aux f\u00eates traditionnelles, tels qu&rsquo;on les con\u00e7oit dans le milieu \u00e9v\u00e9nementiel urbain ou pour les mariages. Les visiteurs potentiels doivent savoir qu&rsquo;il s&rsquo;agit avant tout d&rsquo;un salon th\u00e9matique et non d&rsquo;un lieu permanent pour des r\u00e9ceptions priv\u00e9es ou des mariages tout au long de l&rsquo;ann\u00e9e.<\/p>\n<p> Gr\u00e2ce \u00e0 sa position \u00e9tablie de longue date comme lieu de rencontre privil\u00e9gi\u00e9 pour l&rsquo;industrie foresti\u00e8re et du bois, le Salon de la foresterie est un espace o\u00f9 professionnels, fournisseurs et clients peuvent se rencontrer en personne. Les retours soulignent l&rsquo;opportunit\u00e9 de rencontrer des coll\u00e8gues, de consolider les relations avec les fournisseurs et de nouer de nouveaux contacts. Les stands des fabricants, distributeurs et institutions offrent un large aper\u00e7u des machines, \u00e9quipements, technologies et services li\u00e9s \u00e0 la foresterie, \u00e0 la gestion foresti\u00e8re et \u00e0 la transformation du bois. Pour les acteurs du secteur, ce salon constitue une plateforme dynamique qui, contrairement aux \u00e9v\u00e9nements sociaux plus traditionnels, privil\u00e9gie les \u00e9changes professionnels et le r\u00e9seautage au divertissement.<\/p>\n<p> Outre ses stands d&rsquo;exposition, le salon forestier pr\u00e9sente l&rsquo;avantage de mettre en avant les innovations techniques et les solutions \u00e9prouv\u00e9es. Cette dimension strat\u00e9gique lui conf\u00e8re une dimension plus approfondie et le rend attractif pour les professionnels d\u00e9sireux de s&rsquo;informer sur les derni\u00e8res nouveaut\u00e9s et d&rsquo;\u00e9changer directement avec les fabricants sur des solutions concr\u00e8tes pour leurs activit\u00e9s. Les participants \u00e0 un \u00e9v\u00e9nement ax\u00e9 sur le partage de connaissances et le r\u00e9seautage professionnel y trouveront un contenu de grande qualit\u00e9. Toutefois, l&rsquo;ambiance y est bien diff\u00e9rente de celle d&rsquo;un <b>mariage<\/b> ou d&rsquo;un \u00e9v\u00e9nement classique, o\u00f9 la d\u00e9coration, le traiteur et les animations occupent une place centrale.<\/p>\n<p> L&rsquo;organisation est r\u00e9guli\u00e8rement salu\u00e9e. Les visiteurs d\u00e9crivent le salon forestier comme \u00ab superbement organis\u00e9 \u00bb, avec un public nombreux et int\u00e9ress\u00e9\u00a0; les proc\u00e9dures, la signal\u00e9tique et le concept global sont structur\u00e9s et professionnels. C&rsquo;est un point important pour les entreprises ou associations qui envisagent d&rsquo;y organiser une pr\u00e9sentation, un \u00e9v\u00e9nement client ou une r\u00e9union d&rsquo;experts. Bien qu&rsquo;il n&rsquo;y ait pas de salle de r\u00e9ception traditionnelle, des r\u00e9ceptions plus intimes, des rencontres informelles ou des \u00e9v\u00e9nements sectoriels peuvent \u00eatre facilement int\u00e9gr\u00e9s au salon gr\u00e2ce \u00e0 l&rsquo;infrastructure d&rsquo;exposition structur\u00e9e.<\/p>\n<p> Un autre atout r\u00e9side dans le programme d&rsquo;activit\u00e9s annexes. Les comp\u00e9titions de sports \u00e9lagues et les symposiums techniques apportent dynamisme et divertissement \u00e0 une journ\u00e9e autrement ax\u00e9e principalement sur les discussions techniques. Visuellement impressionnantes, les comp\u00e9titions offrent aux clients et collaborateurs invit\u00e9s une exp\u00e9rience unique qui se d\u00e9marque nettement du programme habituel d&rsquo;un <b>\u00e9v\u00e9nement social<\/b> . Parall\u00e8lement, les symposiums et les conf\u00e9rences permettent d&rsquo;approfondir des aspects techniques et d&rsquo;enrichir le contenu des \u00e9v\u00e9nements, notamment lorsque les entreprises rencontrent des clients ou des partenaires sur le salon.<\/p>\n<p> Les visiteurs ont d\u00e9crit le salon comme int\u00e9ressant et divertissant. Malgr\u00e9 quelques remarques concernant la m\u00e9t\u00e9o \u2013 les \u00e9ditions pr\u00e9c\u00e9dentes ayant souvent \u00e9t\u00e9 annul\u00e9es \u00e0 cause de la pluie \u2013, il a \u00e9t\u00e9 soulign\u00e9 que l&rsquo;\u00e9v\u00e9nement restait n\u00e9anmoins passionnant et attractif. Pour les visiteurs potentiels, cela signifie qu&rsquo;il faut se pr\u00e9parer \u00e0 une m\u00e9t\u00e9o changeante, surtout compte tenu des grands espaces ext\u00e9rieurs. Compar\u00e9 \u00e0 un <b>salon<\/b> ou un festival classique en int\u00e9rieur, cela n\u00e9cessite une organisation diff\u00e9rente (v\u00eatements, temps de marge et temps de trajet, par exemple), mais en contrepartie, on b\u00e9n\u00e9ficie d&rsquo;une exp\u00e9rience authentique et concr\u00e8te au c\u0153ur du monde professionnel.<\/p>\n<p> Tout n&rsquo;est pas parfait. Certains commentaires critiquent le fait que le dimanche apr\u00e8s-midi, m\u00eame si la foire \u00e9tait presque termin\u00e9e, le tarif d&rsquo;entr\u00e9e plein tarif \u00e9tait toujours appliqu\u00e9. Cela semble contraignant pour les visiteurs qui ne disposent que de deux heures. Par cons\u00e9quent, pour toute personne envisageant une visite impromptue et rapide, il est conseill\u00e9 de v\u00e9rifier attentivement les horaires d&rsquo;ouverture et de fermeture au pr\u00e9alable et d&rsquo;\u00e9valuer de mani\u00e8re r\u00e9aliste le temps dont elle disposera sur place. Compar\u00e9 aux services d&rsquo;animation ou de traiteur traditionnels, o\u00f9 les tarifs forfaitaires sont parfois modulables en fonction de la dur\u00e9e ou du nombre de personnes, un prix d&rsquo;entr\u00e9e fixe, quel que soit le temps de visite restant, peut para\u00eetre assez rigide.<\/p>\n<p> Un autre aspect important \u00e0 prendre en compte pour les entreprises int\u00e9ress\u00e9es\u00a0: le Salon de la For\u00eat de Lucerne n\u2019est pas un lieu \u00e9v\u00e9nementiel permanent, mais un salon professionnel organis\u00e9 p\u00e9riodiquement. Par cons\u00e9quent, les entreprises recherchant un lieu prestigieux pour un mariage, un anniversaire ou un grand \u00e9v\u00e9nement priv\u00e9 ne trouveront pas aussi facilement ce dont elles ont besoin ici que dans <b>des lieux<\/b> sp\u00e9cialis\u00e9s disposant d\u2019une \u00e9quipe permanente de restauration, de d\u00e9coration et de techniciens. Le salon offre plut\u00f4t un cadre permettant aux professionnels d\u2019int\u00e9grer des \u00e9l\u00e9ments \u00e9v\u00e9nementiels, des pr\u00e9sentations et des r\u00e9unions dans un contexte B2B, l\u2019infrastructure de base \u00e9tant fournie par les organisateurs.<\/p>\n<p> Du point de vue des infrastructures, le Salon de la Foresterie se distingue par son accessibilit\u00e9 sans obstacle\u00a0: l\u2019entr\u00e9e est notamment accessible aux personnes en fauteuil roulant. Ce point est important pour les professionnels \u00e0 mobilit\u00e9 r\u00e9duite et t\u00e9moigne d\u2019une volont\u00e9 d\u2019inclusion. Bien que ce confort ne puisse rivaliser avec celui des salons haut de gamme aux espaces enti\u00e8rement personnalisables, il facilite l\u2019acc\u00e8s aux contenus sp\u00e9cialis\u00e9s et aux contacts pour de nombreux professionnels. Les participants aux r\u00e9unions du salon peuvent donc s\u2019attendre \u00e0 b\u00e9n\u00e9ficier d\u2019infrastructures accessibles.<\/p>\n<p> D&rsquo;Atmosph\u00e4r se distingue nettement des lieux \u00e9v\u00e9nementiels classiques. Au lieu de salles de r\u00e9ception \u00e9l\u00e9gamment d\u00e9cor\u00e9es avec service traiteur int\u00e9gr\u00e9 ou \u00e9quipes d&rsquo;animation bien rod\u00e9es, vous y trouverez principalement des stands sp\u00e9cialis\u00e9s, des machines, des produits en bois et des d\u00e9monstrations pratiques. La restauration est assur\u00e9e sur place, par des food trucks ou des structures temporaires, selon l&rsquo;\u00e9v\u00e9nement. Pour les organisateurs, cela signifie que les personnes invitant des clients doivent \u00eatre conscientes que l&rsquo;accent est mis sur la foresterie et le bois, plut\u00f4t que sur une ambiance festive. Si cela peut s\u00e9duire certains publics, cela peut \u00eatre un inconv\u00e9nient pour d&rsquo;autres qui recherchent un cadre plus traditionnel et festif.<\/p>\n<p> Cette sp\u00e9cialisation offre \u00e9galement des opportunit\u00e9s. Les entreprises des secteurs de la sous-traitance, de la m\u00e9canique, de la s\u00e9curit\u00e9 ou de l&rsquo;\u00e9ducation peuvent profiter du salon forestier pour nouer de nombreux contacts pertinents en un temps record. Celles qui recherchent un v\u00e9ritable \u00ab\u00a0salon professionnel\u00a0\u00bb plut\u00f4t qu&rsquo;un salon traditionnel y trouveront une forte concentration de sp\u00e9cialistes, disponibles pour des \u00e9changes techniques concrets, des d\u00e9monstrations en direct et des consultations. Si l&rsquo;atmosph\u00e8re est peut-\u00eatre trop pointue pour un mariage classique, elle n&rsquo;en est que plus pr\u00e9cieuse pour les entreprises sp\u00e9cialis\u00e9es.<\/p>\n<p> Contrairement \u00e0 Locatione, qui se concentre exclusivement sur <b>la restauration<\/b> et l&rsquo;organisation d&rsquo;\u00e9v\u00e9nements, le Salon de la For\u00eat mise sur son contenu technique et les \u00e9changes entre professionnels. L&rsquo;ambiance n&rsquo;en est pas moins importante\u00a0: les t\u00e9moignages de visiteurs soulignent l&rsquo;int\u00e9r\u00eat du public et l&rsquo;atmosph\u00e8re dynamique qui r\u00e8gne durant le salon. L&rsquo;organisation de concours et de symposiums permet d&rsquo;allier discussions professionnelles et convivialit\u00e9, \u00e0 l&rsquo;image d&rsquo;une r\u00e9ception d&rsquo;affaires, mais au c\u0153ur des for\u00eats et du bois plut\u00f4t que dans une salle de conf\u00e9rence impersonnelle.<\/p>\n<p> Pour les visiteurs potentiels dont l&rsquo;activit\u00e9 est li\u00e9e \u00e0 la foresterie, au bois, aux machines agricoles ou \u00e0 la formation continue, le Salon de la For\u00eat de Lucerne est donc une destination incontournable. Il ne remplace pas les <b>\u00e9v\u00e9nements<\/b> traditionnels, mais constitue un lieu de rencontre privil\u00e9gi\u00e9 pour le r\u00e9seautage professionnel, l&rsquo;analyse du march\u00e9 et des d\u00e9monstrations pratiques. Toute personne organisant un \u00e9v\u00e9nement avec des clients ou des collaborateurs doit d\u00e9finir clairement \u00e0 l&rsquo;avance si l&rsquo;accent est mis sur le contenu technique ou sur une ambiance festive et gastronomique. Dans le premier cas, le salon \u2013 avec ses atouts et ses limites \u2013 peut s&rsquo;av\u00e9rer une plateforme stimulante\u00a0; dans le second, un lieu \u00e9v\u00e9nementiel sp\u00e9cialis\u00e9, proposant des services professionnels, un service traiteur et une ambiance de mariage classique, sera plus appropri\u00e9.<\/p>\n","protected":false},"excerpt":{"rendered":"<p>Salon forestier de Lucerne \u2013 un salon professionnel plut\u00f4t qu&rsquo;un \u00e9v\u00e9nement classique, id\u00e9al pour les professionnels de la for\u00eat, moins adapt\u00e9 aux mariages ou aux salles de bal, avec une ambiance anim\u00e9e et un r\u00e9seau professionnel.<\/p>\n","protected":false},"author":1,"featured_media":13876,"template":"","business-categories":[78],"business-locations":[6488,5646],"business-countries":[48],"business_franchises":[6947],"class_list":["post-13907","business","type-business","status-publish","has-post-thumbnail","hentry","business_category-veranstaltungsstaette","business_location-luzern","business_location-luzern-stadt","business_country-ch","business_franchises-forstmesse-luzern"],"_links":{"self":[{"href":"https:\/\/planetamagico.ch\/fr\/wp-json\/wp\/v2\/businesses\/13907","targetHints":{"allow":["GET"]}}],"collection":[{"href":"https:\/\/planetamagico.ch\/fr\/wp-json\/wp\/v2\/businesses"}],"about":[{"href":"https:\/\/planetamagico.ch\/fr\/wp-json\/wp\/v2\/types\/business"}],"author":[{"embeddable":true,"href":"https:\/\/planetamagico.ch\/fr\/wp-json\/wp\/v2\/users\/1"}],"version-history":[{"count":0,"href":"https:\/\/planetamagico.ch\/fr\/wp-json\/wp\/v2\/businesses\/13907\/revisions"}],"wp:featuredmedia":[{"embeddable":true,"href":"https:\/\/planetamagico.ch\/fr\/wp-json\/wp\/v2\/media\/13876"}],"wp:attachment":[{"href":"https:\/\/planetamagico.ch\/fr\/wp-json\/wp\/v2\/media?parent=13907"}],"wp:term":[{"taxonomy":"business_category","embeddable":true,"href":"https:\/\/planetamagico.ch\/fr\/wp-json\/wp\/v2\/business-categories?post=13907"},{"taxonomy":"business_location","embeddable":true,"href":"https:\/\/planetamagico.ch\/fr\/wp-json\/wp\/v2\/business-locations?post=13907"},{"taxonomy":"business_country","embeddable":true,"href":"https:\/\/planetamagico.ch\/fr\/wp-json\/wp\/v2\/business-countries?post=13907"},{"taxonomy":"business_franchises","embeddable":true,"href":"https:\/\/planetamagico.ch\/fr\/wp-json\/wp\/v2\/business_franchises?post=13907"}],"curies":[{"name":"wp","href":"https:\/\/api.w.org\/{rel}","templated":true}]}}