{"id":14569,"date":"2026-02-11T22:51:53","date_gmt":"2026-02-11T21:51:53","guid":{"rendered":"https:\/\/planetamagico.ch\/veranstaltungssaal\/la-cene-bale\/"},"modified":"2026-02-11T22:51:53","modified_gmt":"2026-02-11T21:51:53","slug":"das-letzte-abendmahl-basel","status":"publish","type":"business","link":"https:\/\/planetamagico.ch\/fr\/salle-evenements\/das-letzte-abendmahl-basel\/","title":{"rendered":"La C\u00e8ne B\u00e2le"},"content":{"rendered":"<p>\u00ab La C\u00e8ne \u00e0 B\u00e2le \u00bb est un concept d&rsquo;exposition temporaire enti\u00e8rement consacr\u00e9 \u00e0 un th\u00e8me iconique : la C\u00e8ne, \u0153uvre d&rsquo;art et symbole culturel. Au c\u0153ur de ce concept se trouve une pr\u00e9sentation multim\u00e9dia qui initie les visiteurs \u00e0 ce tableau historique par le biais d&rsquo;images, de sons et de mouvements, d\u00e9voilant progressivement ses d\u00e9tails et son contexte. Loin de l&rsquo;exp\u00e9rience mus\u00e9ale classique avec vitrines et panneaux explicatifs, les organisateurs privil\u00e9gient les projections, la musique et les contenus associ\u00e9s, offrant une exp\u00e9rience immersive plus proche d&rsquo;un spectacle que d&rsquo;une exposition traditionnelle. Selon les besoins, cette exp\u00e9rience peut constituer une alternative aux \u00e9v\u00e9nements sociaux et <b>aux soir\u00e9es<\/b> traditionnelles, pour les groupes, les entreprises ou les particuliers, m\u00eame si l&rsquo;accent est ici mis sur l&rsquo;immersion culturelle.<\/p>\n<p> La conception des salles met l&rsquo;accent sur l&rsquo;atmosph\u00e8re. Surfaces sombres, projections grand format et musique soigneusement choisie cr\u00e9ent une ambiance que de nombreux visiteurs qualifient d&rsquo;impressionnante et \u00e9mouvante. Les passionn\u00e9s d&rsquo;art, de religion ou d&rsquo;histoire de l&rsquo;art y trouveront une exp\u00e9rience immersive unique, privil\u00e9giant l&rsquo;immersion \u00e0 la simple observation. Par ailleurs, le spectacle est accessible m\u00eame aux visiteurs peu familiers avec les mus\u00e9es, gr\u00e2ce \u00e0 une pr\u00e9sentation visuelle et sonore intuitive. Pour les organisateurs d&rsquo;\u00e9v\u00e9nements en qu\u00eate d&rsquo;id\u00e9es originales pour leurs programmes culturels, ce lieu peut donc constituer un atout pr\u00e9cieux au sein d&rsquo;une offre compl\u00e8te, m\u00eame s&rsquo;il ne propose ni restauration traditionnelle ni prise en charge compl\u00e8te de l&rsquo;\u00e9v\u00e9nementiel.<\/p>\n<p> Plusieurs visiteurs ont soulign\u00e9 que l&rsquo;exposition replace la vie et l&rsquo;\u0153uvre du g\u00e9nie repr\u00e9sent\u00e9 dans un contexte plus large, d\u00e9passant ainsi le cadre d&rsquo;une simple image. Les \u00e9l\u00e9ments multim\u00e9dias abordent les grandes \u00e9tapes biographiques, le contexte historique et les interpr\u00e9tations, les traduisant dans un langage audiovisuel. De nombreux visiteurs ont ainsi l&rsquo;impression de suivre un film comment\u00e9 plut\u00f4t que de simplement lire des informations. Il est particuli\u00e8rement remarquable que jeunes et adultes se sentent tout autant captiv\u00e9s \u2013 un aspect qui int\u00e9ressera les classes scolaires ou les groupes religieux en qu\u00eate d&rsquo;une activit\u00e9 culturelle \u00e0 vocation \u00e9ducative, tout en souhaitant une pr\u00e9sentation moderne.<\/p>\n<p> La r\u00e9alisation technique a \u00e9t\u00e9 largement salu\u00e9e. La technologie de projection, la conception sonore et le rythme du spectacle sont particuli\u00e8rement bien pens\u00e9s, et certains visiteurs le d\u00e9crivent comme une pr\u00e9sentation multim\u00e9dia exceptionnelle de ce tableau historique. Cette impression est d&rsquo;autant plus forte lorsqu&rsquo;on prend son temps et qu&rsquo;on se laisse impr\u00e9gner par le concept. Contrairement \u00e0 de nombreux espaces d&rsquo;exposition traditionnels, les distractions li\u00e9es \u00e0 diff\u00e9rents th\u00e8mes sont moins nombreuses\u00a0: tout converge vers un seul sujet, \u00e9clair\u00e9 sous divers angles. Pour les organisateurs d&rsquo;\u00e9v\u00e9nements en qu\u00eate d&rsquo;un cadre original pour accompagner leurs programmes culturels, ce lieu offre un univers sc\u00e9nique concis et autonome, pouvant \u00eatre int\u00e9gr\u00e9, par exemple, avant ou apr\u00e8s un repas ou un ap\u00e9ritif.<\/p>\n<p> Cependant, les retours r\u00e9v\u00e8lent aussi un aspect critique. Un probl\u00e8me r\u00e9current concerne le rapport qualit\u00e9-prix\u00a0: certains visiteurs estiment que le prix d\u2019entr\u00e9e est trop \u00e9lev\u00e9 au regard de l\u2019envergure et de la dur\u00e9e de l\u2019exposition. Notamment par rapport \u00e0 d\u2019autres exp\u00e9riences immersives dans les pays germanophones, il est soulign\u00e9 que la richesse et la vari\u00e9t\u00e9 du contenu propos\u00e9 ne justifient pas le prix pour tous les visiteurs. Ceux qui s\u2019attendent \u00e0 un apr\u00e8s-midi complet avec des salles th\u00e9matiques changeantes, des stands interactifs ou des options de restauration risquent donc d\u2019\u00eatre d\u00e9\u00e7us. Pour les organisateurs d\u2019\u00e9v\u00e9nements habitu\u00e9s aux <b>salons de mariage<\/b> classiques ou aux lieux \u00e9v\u00e9nementiels enti\u00e8rement \u00e9quip\u00e9s, il est important de comprendre qu\u2019il s\u2019agit davantage d\u2019une offre culturelle concise et bien d\u00e9finie que d\u2019un complexe \u00e9v\u00e9nementiel multifonctionnel.<\/p>\n<p> Un autre point critiqu\u00e9 concerne la conception de l&rsquo;exposition pour les visiteurs en qu\u00eate d&rsquo;une approche plus approfondie et \u00e9rudite. Si le tableau est pr\u00e9sent\u00e9 avec clart\u00e9 et \u00e9motion, certains visiteurs regrettent l&rsquo;absence d&rsquo;informations plus d\u00e9taill\u00e9es, de contexte ou de documents compl\u00e9mentaires au-del\u00e0 de la pr\u00e9sentation audiovisuelle. Ceux qui souhaitent s&rsquo;investir pleinement dans l&rsquo;histoire de l&rsquo;art pourraient avoir l&rsquo;impression que la pr\u00e9sentation privil\u00e9gie l&rsquo;atmosph\u00e8re et l&rsquo;exp\u00e9rience \u00e0 l&rsquo;analyse. Pour les groupes priv\u00e9s recherchant un programme culturel avec d\u00eener ou la <b>privatisation<\/b> d&rsquo;un <b>espace \u00e9v\u00e9nementiel<\/b> , cela signifie qu&rsquo;ils devront organiser le traiteur et les festivit\u00e9s aupr\u00e8s de prestataires externes.<\/p>\n<p> Les retours sur le service client sont mitig\u00e9s. Si certains visiteurs ont trouv\u00e9 le processus fluide et bien organis\u00e9, d&rsquo;autres ont fait part d&rsquo;un service insatisfaisant, notamment concernant leurs questions, leurs r\u00e9clamations ou la gestion de leurs attentes quant \u00e0 la port\u00e9e et au contenu de l&rsquo;exposition. S&rsquo;agissant d&rsquo;une offre clairement d\u00e9finie et limit\u00e9e dans le temps, la flexibilit\u00e9 et les options de personnalisation sont naturellement restreintes. Par cons\u00e9quent, il est conseill\u00e9 aux entreprises ou groupes habitu\u00e9s aux formules sur mesure incluant <b>restauration, d\u00e9coration et services techniques<\/b> de bien d\u00e9finir leurs besoins au pr\u00e9alable et, si n\u00e9cessaire, de faire appel \u00e0 des prestataires externes pour la restauration, les boissons ou d&rsquo;autres \u00e9l\u00e9ments du programme.<\/p>\n<p> Un point positif r\u00e9side dans la prise en compte de l&rsquo;accessibilit\u00e9 pour les visiteurs \u00e0 mobilit\u00e9 r\u00e9duite. Une entr\u00e9e sans obstacle facilite les visites, ce qui est particuli\u00e8rement pertinent pour les groupes mixtes comprenant des personnes \u00e2g\u00e9es ou \u00e0 mobilit\u00e9 r\u00e9duite. Cela peut constituer un atout majeur pour les organisateurs de sorties culturelles pour des clubs, des groupes paroissiaux ou des entreprises. Son emplacement sur une route bien connue facilite l&rsquo;acc\u00e8s, et l&rsquo;exposition s&rsquo;int\u00e8gre harmonieusement \u00e0 l&rsquo;environnement existant, compos\u00e9 d&rsquo;autres offres et infrastructures. Cependant, son utilisation comme lieu \u00e9v\u00e9nementiel \u00e0 part enti\u00e8re demeure limit\u00e9e, car l&rsquo;accent est mis sur l&rsquo;exposition elle-m\u00eame et non sur des concepts d&rsquo;espace flexibles, comme ceux que l&rsquo;on trouve dans les lieux <b>\u00e9v\u00e9nementiels<\/b> ou de r\u00e9ception traditionnels.<\/p>\n<p> Pour les visiteurs potentiels en qu\u00eate d&rsquo;une soir\u00e9e inspirante en petit ou moyen groupe, La C\u00e8ne de B\u00e2le est particuli\u00e8rement adapt\u00e9e s&rsquo;ils s&rsquo;int\u00e9ressent d\u00e9j\u00e0 \u00e0 l&rsquo;art, \u00e0 la religion ou aux pr\u00e9sentations multim\u00e9dias. L&rsquo;exposition propose un langage visuel puissant qui ouvre des perspectives \u00e9motionnelles et enrichit l&rsquo;analyse d&rsquo;un th\u00e8me familier. Cependant, ceux qui recherchent avant tout un lieu ax\u00e9 sur la gastronomie, la musique, la danse et une programmation personnalis\u00e9e trouveront cet \u00e9v\u00e9nement moins appropri\u00e9 et devront compl\u00e9ter leur exp\u00e9rience par d&rsquo;autres services de traiteur et <b>des lieux de r\u00e9ception traditionnels pour mariages ou autres \u00e9v\u00e9nements<\/b> . Dans ce contexte, l&rsquo;exposition peut s&rsquo;int\u00e9grer \u00e0 un concept \u00e9v\u00e9nementiel plus vaste, servant par exemple de point de d\u00e9part culturel avant une c\u00e9l\u00e9bration ult\u00e9rieure dans un autre lieu.<\/p>\n<p> En r\u00e9sum\u00e9, un tableau nuanc\u00e9 se dessine\u00a0: la force de La C\u00e8ne \u00e0 B\u00e2le r\u00e9side dans la pr\u00e9sentation multim\u00e9dia et \u00e9motionnelle d\u2019une \u0153uvre d\u2019art embl\u00e9matique, que de nombreux visiteurs trouvent impressionnante, immersive et accessible aussi bien aux jeunes qu\u2019aux adultes. Cependant, il existe des limites \u00e9videntes concernant le rapport qualit\u00e9-prix, la richesse du contenu et la flexibilit\u00e9 des services, dont les clients potentiels et les organisateurs d\u2019\u00e9v\u00e9nements doivent tenir compte. Ceux qui recherchent un spectacle intimiste et immersif, articul\u00e9 autour d\u2019un th\u00e8me central et qui organisent les aspects gastronomiques ou festifs s\u00e9par\u00e9ment, peuvent y vivre une exp\u00e9rience unique. En revanche, ceux qui s\u2019attendent \u00e0 trouver tous les services \u2013 de la salle et de la technologie \u00e0 l\u2019organisation de r\u00e9ceptions et \u00e0 la restauration \u2013 sous un m\u00eame toit doivent consid\u00e9rer cet \u00e9v\u00e9nement comme un \u00e9v\u00e9nement culturel sp\u00e9cialis\u00e9 et l\u2019int\u00e9grer en cons\u00e9quence dans un concept \u00e9v\u00e9nementiel plus global.<\/p>\n","protected":false},"excerpt":{"rendered":"<p>L&rsquo;exposition \u00ab La C\u00e8ne de B\u00e2le \u00bb offre une exp\u00e9rience immersive impressionnante, convient comme composante culturelle pour des \u00e9v\u00e9nements, mais ne remplace pas des Salones de eventos complets.<\/p>\n","protected":false},"author":1,"featured_media":14538,"template":"","business-categories":[78],"business-locations":[5575,4279,6330],"business-countries":[48],"business_franchises":[7152],"class_list":["post-14569","business","type-business","status-publish","has-post-thumbnail","hentry","business_category-veranstaltungsstaette","business_location-arlesheim","business_location-basel","business_location-basel-landschaft","business_country-ch","business_franchises-das-letzte-abendmahl-basel"],"_links":{"self":[{"href":"https:\/\/planetamagico.ch\/fr\/wp-json\/wp\/v2\/businesses\/14569","targetHints":{"allow":["GET"]}}],"collection":[{"href":"https:\/\/planetamagico.ch\/fr\/wp-json\/wp\/v2\/businesses"}],"about":[{"href":"https:\/\/planetamagico.ch\/fr\/wp-json\/wp\/v2\/types\/business"}],"author":[{"embeddable":true,"href":"https:\/\/planetamagico.ch\/fr\/wp-json\/wp\/v2\/users\/1"}],"version-history":[{"count":0,"href":"https:\/\/planetamagico.ch\/fr\/wp-json\/wp\/v2\/businesses\/14569\/revisions"}],"wp:featuredmedia":[{"embeddable":true,"href":"https:\/\/planetamagico.ch\/fr\/wp-json\/wp\/v2\/media\/14538"}],"wp:attachment":[{"href":"https:\/\/planetamagico.ch\/fr\/wp-json\/wp\/v2\/media?parent=14569"}],"wp:term":[{"taxonomy":"business_category","embeddable":true,"href":"https:\/\/planetamagico.ch\/fr\/wp-json\/wp\/v2\/business-categories?post=14569"},{"taxonomy":"business_location","embeddable":true,"href":"https:\/\/planetamagico.ch\/fr\/wp-json\/wp\/v2\/business-locations?post=14569"},{"taxonomy":"business_country","embeddable":true,"href":"https:\/\/planetamagico.ch\/fr\/wp-json\/wp\/v2\/business-countries?post=14569"},{"taxonomy":"business_franchises","embeddable":true,"href":"https:\/\/planetamagico.ch\/fr\/wp-json\/wp\/v2\/business_franchises?post=14569"}],"curies":[{"name":"wp","href":"https:\/\/api.w.org\/{rel}","templated":true}]}}