{"id":17308,"date":"2026-02-12T01:49:07","date_gmt":"2026-02-12T00:49:07","guid":{"rendered":"https:\/\/planetamagico.ch\/veranstaltungssaal\/villa-wellentanz-2\/"},"modified":"2026-02-12T01:49:07","modified_gmt":"2026-02-12T00:49:07","slug":"villa-wellentanz","status":"publish","type":"business","link":"https:\/\/planetamagico.ch\/fr\/salle-evenements\/villa-wellentanz\/","title":{"rendered":"Villa Wellentanz"},"content":{"rendered":"<p>La Villa Wellentanz se pr\u00e9sente comme un m\u00e9lange original d&rsquo;ancienne villa, d&rsquo;espace culturel et de lieu \u00e9v\u00e9nementiel intimiste, se distinguant avant tout par son atmosph\u00e8re chaleureuse et les liens \u00e9troits qu&rsquo;elle entretient avec ses h\u00f4tes et les artistes. Les visiteurs la d\u00e9crivent moins comme un restaurant traditionnel que comme un lieu de rencontre soigneusement am\u00e9nag\u00e9 pour des concerts, des s\u00e9ances de m\u00e9ditation et des c\u00e9l\u00e9brations intimes, o\u00f9 le partage et l&rsquo;ambiance sont primordiaux. Ceux qui recherchent un lieu qui se d\u00e9marque des h\u00f4tels impersonnels ou <b>des espaces \u00e9v\u00e9nementiels<\/b> standardis\u00e9s trouveront ici un cadre unique, appr\u00e9ci\u00e9 par de nombreux habitu\u00e9s.<\/p>\n<p> Jean-Pierre et Barbara, les h\u00f4tes, re\u00e7oivent r\u00e9guli\u00e8rement des \u00e9loges pour leur accueil chaleureux, leur attention aux souhaits des invit\u00e9s et l&rsquo;atmosph\u00e8re d\u00e9tendue, presque familiale, qui r\u00e8gne dans leur \u00e9tablissement. De nombreux visiteurs soulignent que l&rsquo;on ne se sent pas dans une grande salle de r\u00e9ception, mais plut\u00f4t chez des amis, dans un cadre parfaitement organis\u00e9. C&rsquo;est un atout majeur, notamment pour ceux qui appr\u00e9cient les concerts intimistes, les cabarets ou les \u00e9v\u00e9nements spirituels. En revanche, les invit\u00e9s habitu\u00e9s aux grands <b>salons<\/b> impersonnels auront peut-\u00eatre besoin d&rsquo;un temps d&rsquo;adaptation \u00e0 ce style plus intime et personnalis\u00e9.<\/p>\n<h2> Caract\u00e9ristiques et pi\u00e8ces de la Villa Wellentanz<\/h2>\n<p> La villa a \u00e9t\u00e9 repens\u00e9e ces derni\u00e8res ann\u00e9es et con\u00e7ue comme un lieu de rencontres et de partage, avec une d\u00e9coration inspir\u00e9e des principes du Feng Shui. L&rsquo;int\u00e9rieur n&rsquo;est pas pens\u00e9 pour une utilisation optimale de l&rsquo;espace, mais plut\u00f4t pour cr\u00e9er un environnement confortable o\u00f9 les gens peuvent se connecter, \u00e9changer des id\u00e9es et vivre des \u00e9v\u00e9nements de mani\u00e8re enrichissante. De ce fait, l&rsquo;espace est particuli\u00e8rement adapt\u00e9 aux r\u00e9unions de petite et moyenne envergure, aux concerts intimistes, aux s\u00e9minaires, aux ateliers ou aux c\u00e9l\u00e9brations priv\u00e9es, mais moins aux tr\u00e8s grands \u00e9v\u00e9nements r\u00e9unissant des centaines de personnes.<\/p>\n<p> L&rsquo;int\u00e9rieur am\u00e9nag\u00e9 avec soin, l&rsquo;\u00e9clairage chaleureux et les d\u00e9tails accueillants cr\u00e9ent une atmosph\u00e8re qui se d\u00e9marque nettement des salles <b>de r\u00e9ception<\/b> classiques, souvent impersonnelles. Ceux qui s&rsquo;attendent \u00e0 des lignes \u00e9pur\u00e9es, un d\u00e9cor minimaliste et une technologie omnipr\u00e9sente pourraient trouver la villa un peu ludique, voire atypique. Cependant, le lieu offre pr\u00e9cis\u00e9ment le charme que beaucoup de salles de r\u00e9ception traditionnelles ont perdu\u00a0: on sent qu&rsquo;il a \u00e9t\u00e9 cr\u00e9\u00e9 par des personnes qui aiment partager la culture et recevoir.<\/p>\n<h2> \u00c9v\u00e9nements, culture et opportunit\u00e9s d&rsquo;utilisation<\/h2>\n<p> L&rsquo;un des atouts majeurs de la Villa Wellentanz r\u00e9side dans son programme de concerts et d&rsquo;activit\u00e9s culturelles intimistes. Des soir\u00e9es musicales y sont r\u00e9guli\u00e8rement organis\u00e9es, mettant l&rsquo;accent sur la proximit\u00e9 avec les artistes et l&rsquo;atmosph\u00e8re d\u00e9tendue et attentive. Les spectateurs t\u00e9moignent d&rsquo;une immersion totale dans le spectacle, d&rsquo;une exp\u00e9rience musicale directe et de nombreuses conversations spontan\u00e9es avec les musiciens et les autres participants apr\u00e8s la repr\u00e9sentation. Ceux qui recherchent de grandes sc\u00e8nes, une technologie sophistiqu\u00e9e et une ambiance de bo\u00eete de nuit trouveront ce lieu moins \u00e0 leur go\u00fbt\u00a0; la Villa Wellentanz offre en revanche un cadre feutr\u00e9 propice \u00e0 la musique acoustique, aux auteurs-compositeurs-interpr\u00e8tes, aux petits groupes et aux formats de concerts originaux.<\/p>\n<p> Outre les concerts, la villa accueille \u00e9galement des soir\u00e9es de m\u00e9ditation, des s\u00e9minaires et des \u00e9v\u00e9nements priv\u00e9s. L&rsquo;orientation \u00e9nerg\u00e9tique de la maison, selon les principes du Feng Shui par exemple, est un crit\u00e8re important pour les organisateurs soucieux d&rsquo;harmonie. Si cette approche est moins cruciale pour une pr\u00e9sentation d&rsquo;entreprise classique ou une conf\u00e9rence purement fonctionnelle, elle peut s&rsquo;av\u00e9rer d\u00e9terminante pour les retraites, les ateliers de pleine conscience, les s\u00e9ances de coaching ou les \u00e9v\u00e9nements spirituels.<\/p>\n<h2> Id\u00e9al pour les c\u00e9l\u00e9brations et les \u00e9v\u00e9nements priv\u00e9s<\/h2>\n<p> Pour les f\u00eates priv\u00e9es, les anniversaires ou les mariages en petit comit\u00e9, la Villa Wellentanz offre un cadre unique, bien diff\u00e9rent des salles de r\u00e9ception classiques des restaurants ou des h\u00f4tels. Ses espaces intimes, personnalis\u00e9s et modulables s\u00e9duisent particuli\u00e8rement ceux qui recherchent une c\u00e9l\u00e9bration de caract\u00e8re, o\u00f9 les invit\u00e9s peuvent circuler librement et \u00e9changer. La villa est ainsi id\u00e9ale pour les couples et les h\u00f4tes d\u00e9sireux de cr\u00e9er un \u00e9v\u00e9nement v\u00e9ritablement unique et d&rsquo;\u00e9viter la location d&rsquo;une salle impersonnelle.<\/p>\n<p> Ceux qui envisagent une r\u00e9ception de mariage traditionnelle avec de nombreux invit\u00e9s, un \u00e9quipement technique cons\u00e9quent, une grande piste de danse et une sc\u00e8ne \u00e9labor\u00e9e pourraient se heurter \u00e0 des limitations en termes de capacit\u00e9 et d&rsquo;infrastructures. La villa est plus adapt\u00e9e \u00e0 un <b>mariage<\/b> intime pour les petits groupes, o\u00f9 une touche personnelle, la proximit\u00e9 de la nature et une atmosph\u00e8re paisible priment sur une mise en sc\u00e8ne fastueuse. De plus, les h\u00f4tes sont ouverts aux id\u00e9es individuelles et g\u00e9n\u00e9ralement dispos\u00e9s \u00e0 int\u00e9grer des am\u00e9nagements ou des \u00e9l\u00e9ments de programme sp\u00e9cifiques \u00e0 la soir\u00e9e.<\/p>\n<h3> Traiteur et restauration<\/h3>\n<p> La Villa Wellentanz n&rsquo;est pas un restaurant traditionnel avec une carte exhaustive, mais plut\u00f4t un lieu \u00e9v\u00e9nementiel o\u00f9 les boissons et les repas l\u00e9gers jouent un r\u00f4le d&rsquo;accompagnement. Les visiteurs appr\u00e9cient l&rsquo;excellente s\u00e9lection de boissons, particuli\u00e8rement appr\u00e9ciable lors des concerts ou \u00e9v\u00e9nements culturels. Compar\u00e9e aux services traiteur professionnels et de grande envergure propos\u00e9s par les grands h\u00f4tels ou les entreprises sp\u00e9cialis\u00e9es, l&rsquo;offre est naturellement plus restreinte, privil\u00e9giant la qualit\u00e9 et l&rsquo;ambiance plut\u00f4t que la quantit\u00e9 ou un menu trop fourni.<\/p>\n<p> Pour les \u00e9v\u00e9nements priv\u00e9s ou les r\u00e9ceptions d&rsquo;entreprise, cela signifie que, selon le type d&rsquo;\u00e9v\u00e9nement, une planification et une coordination plus pouss\u00e9es sont n\u00e9cessaires\u00a0: si vous souhaitez un menu de gala complet, un ap\u00e9ritif copieux ou un buffet, faire appel \u00e0 un <b>traiteur<\/b> externe <b>peut<\/b> \u00eatre une solution, en collaboration avec le lieu de r\u00e9ception ou de mani\u00e8re ind\u00e9pendante. Cela peut s&rsquo;av\u00e9rer avantageux pour ceux qui souhaitent personnaliser le menu de leur \u00e9v\u00e9nement, mais cela exige une coordination plus importante de la part de l&rsquo;organisateur que si tout \u00e9tait g\u00e9r\u00e9 par un seul prestataire dans une salle de banquet traditionnelle.<\/p>\n<h3> Points forts de la Villa Wellentanz<\/h3>\n<ul>\n<li> Des h\u00f4tes tr\u00e8s attentionn\u00e9s et chaleureux, qui prennent en compte les souhaits individuels et accordent une grande importance \u00e0 une atmosph\u00e8re d\u00e9tendue.<\/li>\n<li> Une ambiance intime et chaleureuse plut\u00f4t qu&rsquo;un espace impersonnel\u00a0; id\u00e9al pour les concerts, les petites c\u00e9l\u00e9brations, les s\u00e9minaires et les ateliers de pleine conscience.<\/li>\n<li> Des concepts de design \u00e9nerg\u00e9tique et spatial particuli\u00e8rement adapt\u00e9s \u00e0 la m\u00e9ditation, au coaching ou aux \u00e9v\u00e9nements \u00e0 vocation spirituelle.<\/li>\n<li> Des concerts intimistes et des soir\u00e9es culturelles avec contact direct avec les artistes, que de nombreux invit\u00e9s trouvent particuli\u00e8rement enrichissants.<\/li>\n<li> La possibilit\u00e9 d&rsquo;int\u00e9grer des services de traiteur externes et ainsi d&rsquo;adapter pr\u00e9cis\u00e9ment la restauration \u00e0 l&rsquo;occasion et au budget.<\/li>\n<\/ul>\n<h3> Faiblesses et limitations potentielles<\/h3>\n<ul>\n<li> Capacit\u00e9 limit\u00e9e pour les tr\u00e8s grandes c\u00e9l\u00e9brations ou les \u00e9v\u00e9nements d&rsquo;entreprise ; ceux qui recherchent de grandes <b>salles pour accueillir<\/b> plusieurs centaines de personnes devront probablement se tourner vers d&rsquo;autres lieux.<\/li>\n<li> Il ne s&rsquo;agit pas d&rsquo;une entreprise de traiteur classique et ind\u00e9pendante de grande envergure ; les banquets complexes ou les menus \u00e9labor\u00e9s n\u00e9cessitent g\u00e9n\u00e9ralement des partenaires suppl\u00e9mentaires ou <b>des services de traiteur<\/b> externes.<\/li>\n<li> Ce style tr\u00e8s personnel et plein de caract\u00e8re ne convient pas \u00e0 tous les \u00e9v\u00e9nements ; les occasions professionnelles tr\u00e8s formelles ou les conf\u00e9rences strictement structur\u00e9es seraient peut-\u00eatre mieux adapt\u00e9es \u00e0 des espaces plus neutres.<\/li>\n<li> L&rsquo;accent mis sur la culture, les rencontres et la pleine conscience pourrait \u00eatre moins attrayant pour les clients qui privil\u00e9gient avant tout une ambiance de f\u00eate ou de bo\u00eete de nuit.<\/li>\n<\/ul>\n<h2> \u00c0 qui la Villa Wellentanz vaut-elle le coup ?<\/h2>\n<p> Quiconque recherche un lieu o\u00f9 la musique, les \u00e9changes et une ambiance soigneusement pens\u00e9e sont \u00e0 l&rsquo;honneur trouvera \u00e0 la Villa Wellentanz l&rsquo;endroit id\u00e9al. Mariages intimes, anniversaires \u00e0 th\u00e8me culturel, lectures, journ\u00e9es de coaching ou retraites y trouveront tout particuli\u00e8rement leur compte gr\u00e2ce \u00e0 son atmosph\u00e8re paisible et chaleureuse et \u00e0 l&rsquo;ouverture d&rsquo;esprit de ses h\u00f4tes. La villa n&rsquo;est pas un simple <b>lieu de r\u00e9ception<\/b> standardis\u00e9, mais un espace unique qui s&rsquo;adapte parfaitement aux personnes qui l&rsquo;occupent et \u00e0 leurs projets.<\/p>\n<p> Pour les organisateurs et h\u00f4tes d&rsquo;\u00e9v\u00e9nements, cela signifie qu&rsquo;ils doivent r\u00e9fl\u00e9chir \u00e0 l&rsquo;avance au type d&rsquo;\u00e9v\u00e9nement qu&rsquo;ils souhaitent cr\u00e9er. Ceux qui privil\u00e9gient un accueil personnalis\u00e9, souhaitent recevoir leurs invit\u00e9s dans une ambiance chaleureuse et d\u00e9tendue, et appr\u00e9cient la flexibilit\u00e9 n\u00e9cessaire pour s&rsquo;adapter aux besoins de chacun, pourront pleinement profiter des atouts de ce lieu. En revanche, ceux qui recherchent une grande <b>salle<\/b> prestigieuse dot\u00e9e d&rsquo;\u00e9quipements techniques de pointe et d&rsquo;un service traiteur r\u00e9put\u00e9 devraient consid\u00e9rer la Villa Wellentanz davantage comme un lieu sp\u00e9cialis\u00e9 pour les \u00e9v\u00e9nements plus intimes, plut\u00f4t que comme un espace polyvalent.<\/p>\n<p> Pour les couples qui envisagent un mariage en petit comit\u00e9, la villa offre une alternative int\u00e9ressante aux r\u00e9ceptions traditionnelles\u00a0: moins formelle, plus intime, elle permet de personnaliser enti\u00e8rement la c\u00e9l\u00e9bration. Pour les entreprises organisant un \u00e9v\u00e9nement de team building, un programme culturel pour leurs employ\u00e9s ou un atelier hors du cadre professionnel habituel, le lieu offre un contraste bienvenu avec les salles de s\u00e9minaire impersonnelles. Associ\u00e9 \u00e0 un service traiteur de qualit\u00e9, cet espace permet de cr\u00e9er un \u00e9v\u00e9nement m\u00e9morable, bien plus marquant qu&rsquo;une simple r\u00e9union dans une salle ordinaire.<\/p>\n","protected":false},"excerpt":{"rendered":"<p>La Villa Wellentanz est un lieu \u00e9v\u00e9nementiel priv\u00e9 dot\u00e9 de salles intimes, id\u00e9al pour les c\u00e9l\u00e9brations, avec des services de restauration flexibles et une atmosph\u00e8re harmonieuse.<\/p>\n","protected":false},"author":1,"featured_media":17286,"template":"","business-categories":[78],"business-locations":[5639,8025,6146],"business-countries":[48],"business_franchises":[8027],"class_list":["post-17308","business","type-business","status-publish","has-post-thumbnail","hentry","business_category-veranstaltungsstaette","business_location-pfaeffikon","business_location-wila","business_location-zuerich","business_country-ch","business_franchises-villa-wellentanz"],"_links":{"self":[{"href":"https:\/\/planetamagico.ch\/fr\/wp-json\/wp\/v2\/businesses\/17308","targetHints":{"allow":["GET"]}}],"collection":[{"href":"https:\/\/planetamagico.ch\/fr\/wp-json\/wp\/v2\/businesses"}],"about":[{"href":"https:\/\/planetamagico.ch\/fr\/wp-json\/wp\/v2\/types\/business"}],"author":[{"embeddable":true,"href":"https:\/\/planetamagico.ch\/fr\/wp-json\/wp\/v2\/users\/1"}],"version-history":[{"count":0,"href":"https:\/\/planetamagico.ch\/fr\/wp-json\/wp\/v2\/businesses\/17308\/revisions"}],"wp:featuredmedia":[{"embeddable":true,"href":"https:\/\/planetamagico.ch\/fr\/wp-json\/wp\/v2\/media\/17286"}],"wp:attachment":[{"href":"https:\/\/planetamagico.ch\/fr\/wp-json\/wp\/v2\/media?parent=17308"}],"wp:term":[{"taxonomy":"business_category","embeddable":true,"href":"https:\/\/planetamagico.ch\/fr\/wp-json\/wp\/v2\/business-categories?post=17308"},{"taxonomy":"business_location","embeddable":true,"href":"https:\/\/planetamagico.ch\/fr\/wp-json\/wp\/v2\/business-locations?post=17308"},{"taxonomy":"business_country","embeddable":true,"href":"https:\/\/planetamagico.ch\/fr\/wp-json\/wp\/v2\/business-countries?post=17308"},{"taxonomy":"business_franchises","embeddable":true,"href":"https:\/\/planetamagico.ch\/fr\/wp-json\/wp\/v2\/business_franchises?post=17308"}],"curies":[{"name":"wp","href":"https:\/\/api.w.org\/{rel}","templated":true}]}}