{"id":20470,"date":"2026-02-12T02:19:07","date_gmt":"2026-02-12T01:19:07","guid":{"rendered":"https:\/\/planetamagico.ch\/veranstaltungssaal\/espace-culturel-assens-2\/"},"modified":"2026-02-12T02:19:07","modified_gmt":"2026-02-12T01:19:07","slug":"espace-culturel-assens","status":"publish","type":"business","link":"https:\/\/planetamagico.ch\/fr\/salle-evenements\/espace-culturel-assens\/","title":{"rendered":"Espace culturel Assens"},"content":{"rendered":"<p>L&rsquo;Espace culturel d&rsquo;Assens est un petit lieu culturel r\u00e9put\u00e9 de la r\u00e9gion, qui s&rsquo;est impos\u00e9 au fil des ans comme un point de rencontre pour l&rsquo;art, les promenades et les \u00e9changes. Bien qu&rsquo;il soit actuellement ferm\u00e9 temporairement, l&rsquo;impression d&rsquo;une exposition soigneusement con\u00e7ue et d&rsquo;une atmosph\u00e8re chaleureuse et conviviale demeure pour de nombreux visiteurs.<\/p>\n<p> L&rsquo;accent est clairement mis sur le lien entre l&rsquo;art et la nature\u00a0: une promenade artistique le long de la rivi\u00e8re Talent traverse un paysage que de nombreux visiteurs qualifient d&rsquo;particuli\u00e8rement harmonieux. Sculptures et installations ponctuent la verdure et invitent \u00e0 la r\u00e9flexion sur l&rsquo;impact de la civilisation sur l&rsquo;environnement. Ceux qui privil\u00e9gient les \u00e9v\u00e9nements culturels se d\u00e9roulant aussi bien \u00e0 l&rsquo;int\u00e9rieur qu&rsquo;\u00e0 l&rsquo;ext\u00e9rieur trouveront ici un concept bien diff\u00e9rent des lieux classiques comme les <b>salles de r\u00e9ception ou de f\u00eates<\/b> , privil\u00e9giant la tranquillit\u00e9, le ralentissement et la r\u00e9flexion.<\/p>\n<p> L&rsquo;accueil est particuli\u00e8rement remarquable\u00a0: les visiteurs font \u00e9tat d&rsquo;un accueil chaleureux et d&rsquo;une atmosph\u00e8re agr\u00e9able et d\u00e9tendue, o\u00f9 ils ne se sentent ni press\u00e9s ni accabl\u00e9s. Les all\u00e9es sont bien balis\u00e9es, permettant m\u00eame aux visiteurs novices de s&rsquo;orienter rapidement. L&rsquo;\u00e9quipe semble d\u00e9vou\u00e9e, valorise le contact humain et laisse aux visiteurs suffisamment d&rsquo;espace pour appr\u00e9cier l&rsquo;art \u00e0 leur propre rythme.<\/p>\n<p> Un autre atout r\u00e9side dans sa dimension p\u00e9dagogique\u00a0: le catalogue d\u2019exposition recommand\u00e9 propose des informations compl\u00e9mentaires sur les \u0153uvres et les artistes. C\u2019est particuli\u00e8rement int\u00e9ressant pour ceux qui souhaitent approfondir les th\u00e8mes de l\u2019exposition ou relire les documents ult\u00e9rieurement. Pour les groupes, les associations ou les entreprises organisant une sortie culturelle, cette valeur ajout\u00e9e peut s\u2019av\u00e9rer bien plus int\u00e9ressante que certaines prestations de restauration \u00e0 vocation purement commerciale, m\u00eame avec des \u00e9v\u00e9nements annexes.<\/p>\n<p> Le site excelle \u00e9galement en mati\u00e8re d&rsquo;accessibilit\u00e9\u00a0: il est accessible aux personnes en fauteuil roulant, ce qui n&rsquo;est pas toujours le cas pour les petits sites culturels. Cependant, la zone entourant le parcours artistique reste en grande partie naturelle, ce qui signifie que certaines portions peuvent pr\u00e9senter des difficult\u00e9s pour les personnes \u00e0 mobilit\u00e9 r\u00e9duite en fonction des conditions m\u00e9t\u00e9orologiques. Les personnes voyageant en groupe, notamment celles qui sont d&rsquo;\u00e2ges vari\u00e9s ou qui ont des personnes \u00e0 mobilit\u00e9 r\u00e9duite, doivent en tenir compte lors de la planification de leur visite et pr\u00e9voir suffisamment de temps pour les pauses.<\/p>\n<p> Compar\u00e9e aux <b>lieux de r\u00e9ception<\/b> traditionnels ou aux centres <b>\u00e9v\u00e9nementiels<\/b> professionnels, l&rsquo;infrastructure est volontairement minimaliste. On n&rsquo;y trouve ni grandes salles de banquet avec sc\u00e8nes permanentes, ni \u00e9quipements techniques sophistiqu\u00e9s, ni <b>service traiteur<\/b> interne avec un menu vari\u00e9. Ceux qui recherchent un mariage ou un anniversaire d&rsquo;entreprise avec un repas gastronomique, une piste de danse et une soir\u00e9e qui dure toute la nuit ne trouveront probablement pas ici la formule tout compris id\u00e9ale. Le lieu est davantage adapt\u00e9 aux \u00e9v\u00e9nements culturels intimistes, aux vernissages, aux lectures ou aux programmes de m\u00e9ditation o\u00f9 l&rsquo;art et la nature sont \u00e0 l&rsquo;honneur.<\/p>\n<p> Cette orientation culturelle pr\u00e9sente des avantages et des inconv\u00e9nients. D&rsquo;un c\u00f4t\u00e9, elle conf\u00e8re au lieu une identit\u00e9 forte et le distingue des autres espaces \u00e9v\u00e9nementiels. Pour les amateurs d&rsquo;art, les associations ou les \u00e9tablissements scolaires, l&rsquo;Espace culturel d&rsquo;Assens constitue une alternative inspirante aux <b>salles<\/b> neutres et modulables. De l&rsquo;autre c\u00f4t\u00e9, cette sp\u00e9cialisation implique que les demandes particuli\u00e8res concernant des d\u00e9corations \u00e9labor\u00e9es, de grands banquets ou des exigences techniques sp\u00e9cifiques ne peuvent \u00eatre satisfaites que dans une certaine mesure.<\/p>\n<p> Quiconque a d\u00e9j\u00e0 utilis\u00e9 des lieux \u00e9v\u00e9nementiels professionnels sait que certains services ne sont pas disponibles sur place et n\u00e9cessitent l&rsquo;intervention de partenaires externes. Par exemple, si vous souhaitez proposer un repas apr\u00e8s une visite, vous aurez g\u00e9n\u00e9ralement besoin d&rsquo;un traiteur externe pour la livraison, l&rsquo;installation, le d\u00e9montage et le service. Si cela peut se faire sans probl\u00e8me pour des r\u00e9ceptions plus intimes ou des prestations traiteur simples, cela complexifie consid\u00e9rablement l&rsquo;organisation et augmente les co\u00fbts pour les \u00e9v\u00e9nements de plus grande envergure.<\/p>\n<p> En mati\u00e8re d&rsquo;organisation, l&rsquo;Espace culturel est souvent salu\u00e9 pour sa signal\u00e9tique claire et ses visites guid\u00e9es bien con\u00e7ues. Les visiteurs savent o\u00f9 commence le parcours, comment il se d\u00e9roule et \u00e0 quelles \u00e9tapes ils s&rsquo;attendent. Le lieu est donc parfaitement adapt\u00e9 aux visites de groupe o\u00f9 la pr\u00e9sence d&rsquo;un guide n&rsquo;est pas indispensable. Cependant, pour les \u00e9v\u00e9nements davantage ax\u00e9s sur l&rsquo;interaction, la musique ou la danse, il manque d&rsquo;une v\u00e9ritable sc\u00e8ne, de configurations de si\u00e8ges flexibles et des infrastructures g\u00e9n\u00e9ralement pr\u00e9sentes dans les lieux festifs urbains.<\/p>\n<p> L&rsquo;atmosph\u00e8re des promenades artistiques est souvent d\u00e9crite comme calme et propice \u00e0 la concentration. Les participants d\u00e9ambulent au c\u0153ur de la nature, \u00e9coutent le murmure de la rivi\u00e8re, d\u00e9couvrent les \u0153uvres d&rsquo;art presque naturellement et peuvent d\u00e9cider eux-m\u00eames du temps qu&rsquo;ils souhaitent consacrer \u00e0 chaque installation. Ce concept est particuli\u00e8rement adapt\u00e9 aux \u00e9v\u00e9nements o\u00f9 le partage est primordial, comme les activit\u00e9s de team building ax\u00e9es sur l&rsquo;\u00e9change ou les programmes inspirants pour petits groupes. Le caract\u00e8re du lieu se pr\u00eate moins aux f\u00eates bruyantes ou aux longues soir\u00e9es dansantes, m\u00eame si certaines salles du b\u00e2timent pourraient th\u00e9oriquement accueillir des r\u00e9ceptions plus intimes.<\/p>\n<p> Il est important que les clients potentiels sachent que le lieu est actuellement indiqu\u00e9 comme temporairement ferm\u00e9. Par cons\u00e9quent, avant d&rsquo;organiser un \u00e9v\u00e9nement ou une visite, il est essentiel de v\u00e9rifier si des expositions ou des \u00e9v\u00e9nements sont en cours et, le cas \u00e9ch\u00e9ant, sous quelle forme. Pour ceux qui recherchent un lieu \u00e9v\u00e9nementiel disponible en permanence, avec des r\u00e9ceptions de mariage et <b>des services traiteur<\/b> r\u00e9guliers, cette incertitude repr\u00e9sente un inconv\u00e9nient majeur. En revanche, les personnes flexibles, principalement int\u00e9ress\u00e9es par des projets sp\u00e9cifiques ou des expositions temporaires, peuvent tirer profit de la formule temporaire et ponctuelle propos\u00e9e par le lieu.<\/p>\n<p> L&rsquo;Espace culturel d&rsquo;Assens donne l&rsquo;impression d&rsquo;un lieu culturel g\u00e9r\u00e9 avec soin, empreint d&rsquo;authenticit\u00e9 et b\u00e9n\u00e9ficiant d&rsquo;un emplacement exceptionnel. La promenade artistique le long du Talent, l&rsquo;accueil chaleureux et le lien entre nature et art sont particuli\u00e8rement appr\u00e9ci\u00e9s des visiteurs. Il convient toutefois de pr\u00e9ciser que ce lieu n&rsquo;est pas con\u00e7u pour l&rsquo;organisation de grandes r\u00e9ceptions, de f\u00eates somptueuses ou de services traiteur complets, \u00e0 l&rsquo;instar des h\u00f4tels ou des agences \u00e9v\u00e9nementielles sp\u00e9cialis\u00e9es. Ceux qui recherchent un espace culturel adapt\u00e9 \u00e0 des \u00e9v\u00e9nements plus intimistes, des excursions inspirantes ou des projets artistiques y trouveront une option int\u00e9ressante\u00a0; en revanche, ceux qui souhaitent un lieu \u00e9v\u00e9nementiel tout \u00e9quip\u00e9, avec une offre gastronomique pointue, sont invit\u00e9s \u00e0 bien comparer leurs besoins avec les prestations propos\u00e9es.<\/p>\n","protected":false},"excerpt":{"rendered":"<p>L&rsquo;Espace culturel Assens propose des promenades artistiques au lieu des salones de eventos classiques, id\u00e9ales pour les amateurs de culture, moins adapt\u00e9es aux grandes c\u00e9l\u00e9brations avec des services de restauration importants.<\/p>\n","protected":false},"author":1,"featured_media":20465,"template":"","business-categories":[83,998],"business-locations":[6382,6175,6212],"business-countries":[48],"business_franchises":[9202],"class_list":["post-20470","business","type-business","status-publish","has-post-thumbnail","hentry","business_category-kongresszentrum","business_category-kunstgalerie","business_location-assens","business_location-gros-de-vaud","business_location-vaud","business_country-ch","business_franchises-espace-culturel-assens"],"_links":{"self":[{"href":"https:\/\/planetamagico.ch\/fr\/wp-json\/wp\/v2\/businesses\/20470","targetHints":{"allow":["GET"]}}],"collection":[{"href":"https:\/\/planetamagico.ch\/fr\/wp-json\/wp\/v2\/businesses"}],"about":[{"href":"https:\/\/planetamagico.ch\/fr\/wp-json\/wp\/v2\/types\/business"}],"author":[{"embeddable":true,"href":"https:\/\/planetamagico.ch\/fr\/wp-json\/wp\/v2\/users\/1"}],"version-history":[{"count":0,"href":"https:\/\/planetamagico.ch\/fr\/wp-json\/wp\/v2\/businesses\/20470\/revisions"}],"wp:featuredmedia":[{"embeddable":true,"href":"https:\/\/planetamagico.ch\/fr\/wp-json\/wp\/v2\/media\/20465"}],"wp:attachment":[{"href":"https:\/\/planetamagico.ch\/fr\/wp-json\/wp\/v2\/media?parent=20470"}],"wp:term":[{"taxonomy":"business_category","embeddable":true,"href":"https:\/\/planetamagico.ch\/fr\/wp-json\/wp\/v2\/business-categories?post=20470"},{"taxonomy":"business_location","embeddable":true,"href":"https:\/\/planetamagico.ch\/fr\/wp-json\/wp\/v2\/business-locations?post=20470"},{"taxonomy":"business_country","embeddable":true,"href":"https:\/\/planetamagico.ch\/fr\/wp-json\/wp\/v2\/business-countries?post=20470"},{"taxonomy":"business_franchises","embeddable":true,"href":"https:\/\/planetamagico.ch\/fr\/wp-json\/wp\/v2\/business_franchises?post=20470"}],"curies":[{"name":"wp","href":"https:\/\/api.w.org\/{rel}","templated":true}]}}