{"id":21450,"date":"2026-02-12T02:43:18","date_gmt":"2026-02-12T01:43:18","guid":{"rendered":"https:\/\/planetamagico.ch\/veranstaltungssaal\/le-siege-social\/"},"modified":"2026-02-12T02:43:18","modified_gmt":"2026-02-12T01:43:18","slug":"der-hauptsitz","status":"publish","type":"business","link":"https:\/\/planetamagico.ch\/fr\/salle-evenements\/der-hauptsitz\/","title":{"rendered":"Le si\u00e8ge social"},"content":{"rendered":"<p>Situ\u00e9 au 4, Speichergasse \u00e0 Berne, le si\u00e8ge social est principalement connu comme espace de coworking et de r\u00e9union cr\u00e9atif, mais il est \u00e9galement utilis\u00e9 par de nombreux clients comme lieu flexible pour des \u00e9v\u00e9nements professionnels de plus petite envergure, des ateliers et des rencontres informelles. Install\u00e9s dans un studio au sein du b\u00e2timent PROGR, ces espaces offrent une atmosph\u00e8re ouverte, accueillante et conviviale, ce qui les rend particuli\u00e8rement attractifs pour ceux qui recherchent une alternative aux bureaux impersonnels ou aux lieux \u00e9v\u00e9nementiels standardis\u00e9s.<\/p>\n<p> Les visiteurs d\u00e9crivent unanimement l&rsquo;atmosph\u00e8re des salles comme tr\u00e8s agr\u00e9able et accueillante. Plusieurs soulignent leur luminosit\u00e9 et l&rsquo;abondance de lumi\u00e8re naturelle qui p\u00e9n\u00e8tre par les grandes fen\u00eatres donnant sur la cour. Cette luminosit\u00e9 cr\u00e9e un environnement propice au travail concentr\u00e9 et aux r\u00e9unions cr\u00e9atives, et peut \u00e9galement convenir, selon l&rsquo;occasion, \u00e0 de petites r\u00e9ceptions ou \u00e0 des \u00e9v\u00e9nements informels. Ceux qui privil\u00e9gient un cadre plus intime et \u00e0 taille humaine y trouveront sans doute des conditions plus favorables que dans de grands halls impersonnels.<\/p>\n<p> Le caract\u00e8re de Der Hauptstelle (Le Quartier G\u00e9n\u00e9ral) se distingue nettement des <b>lieux \u00e9v\u00e9nementiels<\/b> classiques ou des grandes salles de r\u00e9ception, car il est ax\u00e9 sur le coworking et le travail collaboratif. L&rsquo;espace peut n\u00e9anmoins \u00eatre adapt\u00e9 \u00e0 des \u00e9v\u00e9nements priv\u00e9s plus restreints, tels que des ateliers d&rsquo;\u00e9quipe, des pr\u00e9sentations de projets ou des rencontres professionnelles. Le mobilier est fonctionnel et propice \u00e0 la productivit\u00e9\u00a0: des postes de travail, des si\u00e8ges et une ambiance qui \u00e9voque davantage un grand salon qu&rsquo;une salle de conf\u00e9rence traditionnelle. Ce m\u00e9lange d&rsquo;espace de travail et de lieu de r\u00e9union est un atout pour les petits groupes, mais peut rapidement devenir contraignant pour les grands groupes avec de nombreux invit\u00e9s.<\/p>\n<p> L&rsquo;un des points forts est que les lieux sont d\u00e9crits par de nombreux utilisateurs comme \u00e9tant con\u00e7us avec soin et bien am\u00e9nag\u00e9s. L&rsquo;alliance d&rsquo;une esth\u00e9tique alternative et d&rsquo;un cadre urbain s\u00e9duit particuli\u00e8rement les cr\u00e9atifs, les jeunes entreprises et les ind\u00e9pendants en qu\u00eate d&rsquo;un espace o\u00f9 travail et r\u00e9seautage se conjuguent. Ceux qui recherchent un lieu classique pour un \u00e9v\u00e9nement ou un mariage, avec sc\u00e8ne, piste de danse et \u00e9quipement son et lumi\u00e8re professionnel, s&rsquo;y sentiront moins \u00e0 l&rsquo;aise. En revanche, Der Hauptstelle offre une atmosph\u00e8re intime, presque chaleureuse, o\u00f9 les petits groupes se sentent rapidement \u00e0 l&rsquo;aise.<\/p>\n<p> Pour les professionnels de l&rsquo;\u00e9v\u00e9nementiel, il est important de savoir que Der Hauptstelle ne se limite pas aux services de traiteur ou <b>\u00e0 l&rsquo;organisation compl\u00e8te de r\u00e9ceptions<\/b> . La restauration pour les \u00e9v\u00e9nements de grande envergure n\u00e9cessite g\u00e9n\u00e9ralement de faire appel \u00e0 des partenaires externes, ce qui offre une certaine flexibilit\u00e9 mais implique \u00e9galement une coordination plus pouss\u00e9e. Par cons\u00e9quent, toute personne organisant un \u00e9v\u00e9nement doit pr\u00e9ciser d\u00e8s le d\u00e9part si, et dans quelle mesure, la restauration, les boissons et le personnel de service peuvent \u00eatre inclus, et si le lieu est plut\u00f4t destin\u00e9 \u00e0 une r\u00e9union avec un simple ap\u00e9ritif ou \u00e0 une grande c\u00e9l\u00e9bration.<\/p>\n<p> Compar\u00e9 aux grandes salles de r\u00e9ception, Der Hauptsitz offre une ambiance beaucoup plus intime et d\u00e9contract\u00e9e. Son potentiel est certes limit\u00e9 pour une c\u00e9l\u00e9bration de mariage classique avec de nombreux invit\u00e9s, un menu copieux et une longue soir\u00e9e dansante. Cependant, il est tout \u00e0 fait possible d&rsquo;y organiser des c\u00e9r\u00e9monies civiles plus intimes en petit comit\u00e9, des r\u00e9ceptions informelles ou des r\u00e9unions pr\u00e9paratoires avec les prestataires. L&rsquo;atmosph\u00e8re lumineuse et conviviale y est un atout, car elle favorise un sentiment de familiarit\u00e9 et encourage les \u00e9changes. Il est toutefois important d&rsquo;\u00e9valuer le nombre d&rsquo;invit\u00e9s de mani\u00e8re r\u00e9aliste et de ne pas se baser sur les attentes des grandes salles de r\u00e9ception sp\u00e9cialis\u00e9es.<\/p>\n<p> Plusieurs avis soulignent l&#8217;emplacement central et la facilit\u00e9 d&rsquo;acc\u00e8s. Les transports en commun sont facilement accessibles depuis la Speichergasse, et de nombreux visiteurs profitent de leur visite pour se joindre \u00e0 d&rsquo;autres rendez-vous en ville. Cet emplacement central est particuli\u00e8rement avantageux pour les professionnels dont les participants viennent de diff\u00e9rents quartiers. Cependant, cette situation en plein centre-ville peut \u00e9galement poser probl\u00e8me aux personnes arrivant en voiture, et les places de stationnement ne sont pas toujours disponibles juste devant l&rsquo;immeuble. Les organisateurs d&rsquo;\u00e9v\u00e9nements doivent en tenir compte lors de leurs \u00e9changes avec leurs invit\u00e9s.<\/p>\n<p> Dans certains avis, l&rsquo;espace est d\u00e9crit comme un \u00ab salon ext\u00e9rieur \u00bb, une image qui refl\u00e8te bien la perception du si\u00e8ge social. Ceux qui recherchent un environnement propice \u00e0 la concentration tout en profitant de conversations informelles s&rsquo;y sentiront comme chez eux. Le cadre est id\u00e9al pour les r\u00e9unions, les s\u00e9ances de travail en petits groupes ou les ateliers cr\u00e9atifs, car il est moins formel qu&rsquo;une salle de s\u00e9minaire traditionnelle. Cependant, cet avantage peut se transformer en inconv\u00e9nient lors de l&rsquo;organisation d&rsquo;\u00e9v\u00e9nements tr\u00e8s formels avec des protocoles stricts ou des exigences de repr\u00e9sentation, o\u00f9 un environnement strictement professionnel et neutre est de rigueur.<\/p>\n<p> Les avis des visiteurs sont globalement tr\u00e8s positifs, mais soulignent \u00e9galement certaines limites. Si plusieurs clients appr\u00e9cient l&rsquo;ambiance conviviale et les bonnes installations, d&rsquo;autres indiquent que la salle est plut\u00f4t petite et donc plus adapt\u00e9e aux petits groupes. Ceux qui ont besoin d&rsquo;un <b>espace<\/b> plus grand pour un grand nombre de personnes doivent savoir que la capacit\u00e9 peut \u00eatre limit\u00e9e. Concernant la technologie et l&rsquo;infrastructure, il est \u00e9galement conseill\u00e9 de se renseigner pr\u00e9cis\u00e9ment sur le mat\u00e9riel disponible et celui qui doit \u00eatre apport\u00e9 par des prestataires externes avant de r\u00e9server.<\/p>\n<p> Les horaires d&rsquo;ouverture habituels en semaine t\u00e9moignent de l&rsquo;orientation strat\u00e9gique du si\u00e8ge social vers le fonctionnement continu d&rsquo;espaces de coworking et d&rsquo;environnements de travail cr\u00e9atifs. Les \u00e9v\u00e9nements organis\u00e9s en dehors de ces horaires ou le week-end n\u00e9cessitent g\u00e9n\u00e9ralement une organisation personnalis\u00e9e. Si cela peut constituer un atout pour des \u00e9v\u00e9nements flexibles et sur mesure, cela signifie \u00e9galement que les r\u00e9servations spontan\u00e9es ou les modifications de derni\u00e8re minute ne sont pas toujours possibles. Les organisateurs d&rsquo;\u00e9v\u00e9nements auront tout int\u00e9r\u00eat \u00e0 planifier en amont et \u00e0 d\u00e9finir clairement les modalit\u00e9s.<\/p>\n<p> Un autre point susceptible d&rsquo;int\u00e9resser nombre de personnes est l&rsquo;int\u00e9gration du studio au sein de l&rsquo;environnement PROGR, aux c\u00f4t\u00e9s d&rsquo;autres professionnels cr\u00e9atifs. Ce cadre peut offrir une source d&rsquo;inspiration suppl\u00e9mentaire et s&rsquo;av\u00e8re particuli\u00e8rement attractif pour certains publics cibles, tels que les agences, les artistes, les designers ou les start-ups. Si ce contexte cr\u00e9atif peut convenir \u00e0 des r\u00e9ceptions priv\u00e9es classiques, dans le style des grands <b>salons de fiestas<\/b> avec animations, il ne correspond pas n\u00e9cessairement \u00e0 l&rsquo;image d&rsquo;une salle de r\u00e9ception traditionnelle. Ceux qui recherchent d\u00e9lib\u00e9r\u00e9ment un cadre atypique y trouveront plus facilement leur compte que ceux qui s&rsquo;attendent \u00e0 une solution standardis\u00e9e et tout compris.<\/p>\n<p> Dans l&rsquo;ensemble, Der Hauptplatz pr\u00e9sente un tableau mitig\u00e9, mais globalement positif. Ses atouts r\u00e9sident dans la luminosit\u00e9 des salles, l&rsquo;atmosph\u00e8re agr\u00e9able et la possibilit\u00e9 d&rsquo;y combiner travail et r\u00e9ceptions priv\u00e9es. Le lieu convient parfaitement aux \u00e9v\u00e9nements professionnels ou semi-priv\u00e9s de petite envergure, \u00e0 condition d&rsquo;\u00eatre conscient de ses limites en termes d&rsquo;espace, de technologie et d&rsquo;infrastructures de restauration. Ceux qui recherchent une grande salle de r\u00e9ception professionnelle, <b>des services de traiteur<\/b> sp\u00e9cialis\u00e9s ou un lieu enti\u00e8rement \u00e9quip\u00e9 pour une grande r\u00e9ception de mariage devront probablement se tourner vers d&rsquo;autres <b>lieux<\/b> ou centres \u00e9v\u00e9nementiels. Cependant, Der Hauptplatz offre un cadre id\u00e9al pour des occasions plus intimes, cr\u00e9atives et personnelles.<\/p>\n","protected":false},"excerpt":{"rendered":"<p>Le si\u00e8ge social \u00e0 Berne propose des salles lumineuses pour les petits \u00e9v\u00e9nements et le coworking, mais n&rsquo;est pas un salon de eventos classique avec un service complet de fiestas.<\/p>\n","protected":false},"author":1,"featured_media":21442,"template":"","business-categories":[246,95],"business-locations":[6177,5680],"business-countries":[48],"business_franchises":[9493],"class_list":["post-21450","business","type-business","status-publish","has-post-thumbnail","hentry","business_category-kulturzentrum","business_category-co-working-flaeche","business_location-bern","business_location-bern-mittelland","business_country-ch","business_franchises-der-hauptsitz"],"_links":{"self":[{"href":"https:\/\/planetamagico.ch\/fr\/wp-json\/wp\/v2\/businesses\/21450","targetHints":{"allow":["GET"]}}],"collection":[{"href":"https:\/\/planetamagico.ch\/fr\/wp-json\/wp\/v2\/businesses"}],"about":[{"href":"https:\/\/planetamagico.ch\/fr\/wp-json\/wp\/v2\/types\/business"}],"author":[{"embeddable":true,"href":"https:\/\/planetamagico.ch\/fr\/wp-json\/wp\/v2\/users\/1"}],"version-history":[{"count":0,"href":"https:\/\/planetamagico.ch\/fr\/wp-json\/wp\/v2\/businesses\/21450\/revisions"}],"wp:featuredmedia":[{"embeddable":true,"href":"https:\/\/planetamagico.ch\/fr\/wp-json\/wp\/v2\/media\/21442"}],"wp:attachment":[{"href":"https:\/\/planetamagico.ch\/fr\/wp-json\/wp\/v2\/media?parent=21450"}],"wp:term":[{"taxonomy":"business_category","embeddable":true,"href":"https:\/\/planetamagico.ch\/fr\/wp-json\/wp\/v2\/business-categories?post=21450"},{"taxonomy":"business_location","embeddable":true,"href":"https:\/\/planetamagico.ch\/fr\/wp-json\/wp\/v2\/business-locations?post=21450"},{"taxonomy":"business_country","embeddable":true,"href":"https:\/\/planetamagico.ch\/fr\/wp-json\/wp\/v2\/business-countries?post=21450"},{"taxonomy":"business_franchises","embeddable":true,"href":"https:\/\/planetamagico.ch\/fr\/wp-json\/wp\/v2\/business_franchises?post=21450"}],"curies":[{"name":"wp","href":"https:\/\/api.w.org\/{rel}","templated":true}]}}