{"id":22005,"date":"2026-02-12T03:06:37","date_gmt":"2026-02-12T02:06:37","guid":{"rendered":"https:\/\/planetamagico.ch\/veranstaltungssaal\/centre-culturel-albano-islamique-haut-valais\/"},"modified":"2026-02-12T03:06:37","modified_gmt":"2026-02-12T02:06:37","slug":"albanisch-islamisches-kulturzentrum-oberwallis","status":"publish","type":"business","link":"https:\/\/planetamagico.ch\/fr\/salle-evenements\/albanisch-islamisches-kulturzentrum-oberwallis\/","title":{"rendered":"Centre Culturel Albano-Islamique Haut-Valais"},"content":{"rendered":"<p>Le Centre culturel albanais-islamique du Haut-Valais, situ\u00e9 au 4, rue Torweg \u00e0 Vi\u00e8ge, est avant tout une mosqu\u00e9e et un lieu de rencontre pour la communaut\u00e9 musulmane albanaise. Cependant, il est \u00e9galement per\u00e7u par les visiteurs comme un espace convivial propice aux rencontres, aux petites c\u00e9l\u00e9brations et aux \u00e9v\u00e9nements communautaires. De nombreux visiteurs d\u00e9crivent les lieux comme \u00e9tant tr\u00e8s propres et bien entretenus, ce qui est tout aussi important pour la pri\u00e8re que pour tout rassemblement plus important.<\/p>\n<p> Quiconque recherche un lieu o\u00f9 se conjuguent pratique religieuse, identit\u00e9 culturelle et vie communautaire trouvera ici un lieu o\u00f9 la pri\u00e8re, l&rsquo;enseignement religieux et les rassemblements communautaires occupent une place centrale. Cependant, le centre ne se pr\u00eate que partiellement aux activit\u00e9s commerciales traditionnelles telles que <b>l&rsquo;organisation d&rsquo;\u00e9v\u00e9nements<\/b> , <b>de f\u00eates<\/b> ou <b>de prestations<\/b> traiteur, car sa vocation premi\u00e8re est celle de mosqu\u00e9e, et non la mise \u00e0 disposition d&rsquo;infrastructures \u00e9v\u00e9nementielles professionnelles.<\/p>\n<p> L&rsquo;un des points forts du b\u00e2timent est son accessibilit\u00e9 sans obstacle. C&rsquo;est un avantage pratique ind\u00e9niable pour les personnes \u00e2g\u00e9es, les familles avec poussettes ou les personnes \u00e0 mobilit\u00e9 r\u00e9duite qui souhaitent assister \u00e0 la pri\u00e8re du vendredi, aux f\u00eates religieuses ou \u00e0 des \u00e9v\u00e9nements plus modestes. Son design est fonctionnel sans \u00eatre luxueux, ce qui convient parfaitement \u00e0 un \u00e9difice religieux, mais est moins appropri\u00e9 pour une salle de r\u00e9ception de mariage, comme beaucoup de couples pourraient l&rsquo;esp\u00e9rer.<\/p>\n<p> Les commentaires publics dressent un tableau tr\u00e8s coh\u00e9rent\u00a0: la mosqu\u00e9e est r\u00e9guli\u00e8rement d\u00e9crite comme propre, bien rang\u00e9e et agr\u00e9able. Des expressions telles que \u00ab\u00a0tr\u00e8s belle et propre mosqu\u00e9e\u00a0\u00bb ou \u00ab\u00a0tr\u00e8s bien\u00a0\u00bb indiquent que les visiteurs sont satisfaits de l\u2019entretien du b\u00e2timent, de l\u2019atmosph\u00e8re et de l\u2019organisation quotidienne. Les commentaires n\u00e9gatifs concernant la propret\u00e9, le comportement de la communaut\u00e9 ou l\u2019organisation g\u00e9n\u00e9rale sont rares, ce qui sugg\u00e8re une certaine stabilit\u00e9 dans son fonctionnement.<\/p>\n<p> Il est important de noter qu&rsquo;un centre culturel religieux a des priorit\u00e9s diff\u00e9rentes de celles d&rsquo;un lieu \u00e9v\u00e9nementiel neutre. Toute personne organisant une f\u00eate d&rsquo;anniversaire ou un \u00e9v\u00e9nement d&rsquo;entreprise avec traiteur, musique et am\u00e9nagement modulable se heurtera rapidement \u00e0 des limitations. L&rsquo;utilisation du lieu est soumise \u00e0 des r\u00e8gles religieuses, notamment concernant l&rsquo;alcool, le volume sonore et le m\u00e9lange d&rsquo;\u00e9l\u00e9ments religieux et profanes. Cela le distingue nettement des <b>salles de r\u00e9ception<\/b> traditionnelles, qui privil\u00e9gient le divertissement et la flexibilit\u00e9 de l&rsquo;am\u00e9nagement.<\/p>\n<p> Pour la communaut\u00e9 elle-m\u00eame, le centre offre un cadre pr\u00e9cieux pour les \u00e9v\u00e9nements importants de la vie\u00a0: f\u00eates religieuses, r\u00e9unions familiales intimes apr\u00e8s les pri\u00e8res et rencontres d\u2019associations ou de groupes de jeunes. Dans ces contextes, les aspects que l\u2019on attend d\u2019un \u00ab\u00a0servicio de fiestas\u00a0\u00bb \u2013 comme des places assises informelles, un espace pour un buffet et des repas partag\u00e9s \u2013 y jouent assur\u00e9ment leur r\u00f4le, m\u00eame s\u2019ils ne figurent pas au c\u0153ur de la description officielle. Souvent, les membres pr\u00e9parent eux-m\u00eames les repas, ce qui conf\u00e8re \u00e0 l\u2019\u00e9v\u00e9nement un caract\u00e8re familial et non commercial.<\/p>\n<p> Toute personne organisant un \u00e9v\u00e9nement o\u00f9 la nourriture joue un r\u00f4le important doit bien distinguer entre la n\u00e9cessit\u00e9 d&rsquo;un service traiteur professionnel avec personnel, menu d\u00e9taill\u00e9 et concept de d\u00e9coration, et celle d&rsquo;un service traiteur organis\u00e9 par la communaut\u00e9. Le centre culturel privil\u00e9gie g\u00e9n\u00e9ralement cette derni\u00e8re option\u00a0: des repas communautaires apr\u00e8s les pri\u00e8res ou lors des grandes f\u00eates religieuses, avec le soutien de la communaut\u00e9. Bien qu&rsquo;il soit possible de faire appel \u00e0 des traiteurs professionnels \u00e0 proximit\u00e9, rien n&rsquo;indique que le centre propose son propre service traiteur.<\/p>\n<p> Du point de vue des utilisateurs potentiels recherchant un lieu pour des c\u00e9l\u00e9brations \u00e0 th\u00e8me religieux, ce profil pr\u00e9sente des avantages ind\u00e9niables. Ceux qui planifient un mariage \u00e0 caract\u00e8re religieux pourraient, par exemple, c\u00e9l\u00e9brer un nikah ou une autre c\u00e9r\u00e9monie religieuse \u00e0 la mosqu\u00e9e, puis organiser une r\u00e9ception simple dans le m\u00eame b\u00e2timent ou une salle adjacente. Cela cr\u00e9e un lien entre la c\u00e9r\u00e9monie et la r\u00e9ception, m\u00eame si le lieu n&rsquo;est pas, \u00e0 proprement parler, une <b>salle de mariage<\/b> traditionnelle proposant des services sp\u00e9cialis\u00e9s dans l&rsquo;organisation d&rsquo;\u00e9v\u00e9nements.<\/p>\n<p> Pour les entreprises ou les organisateurs d&rsquo;\u00e9v\u00e9nements recherchant un cadre neutre pour des s\u00e9minaires, des pr\u00e9sentations de produits ou des activit\u00e9s d&rsquo;\u00e9quipe, ce lieu est moins adapt\u00e9. Il ne dispose g\u00e9n\u00e9ralement pas de l&rsquo;infrastructure neutre et polyvalente <b>des salles de r\u00e9ception professionnelles,<\/b> notamment en termes d&rsquo;\u00e9quipement sc\u00e9nique, de mat\u00e9riel de pr\u00e9sentation et de configuration des si\u00e8ges. De plus, la pr\u00e9sence de symboles religieux et le caract\u00e8re distinctif du lieu sont des \u00e9l\u00e9ments \u00e0 prendre en compte, car ils peuvent ne pas correspondre \u00e0 tous les concepts d&rsquo;\u00e9v\u00e9nements.<\/p>\n<p> Un autre atout est l&rsquo;accessibilit\u00e9. Le centre est situ\u00e9 dans un quartier \u00e0 taille humaine, facilement accessible en voiture ou en transports en commun, tout en \u00e9vitant l&rsquo;atmosph\u00e8re impersonnelle des grandes villes o\u00f9 pullulent les lieux de f\u00eate et les restaurants. Cet emplacement est pratique pour les r\u00e9sidents habituels\u00a0; en revanche, il peut s&rsquo;av\u00e9rer moins attractif pour les visiteurs qui souhaitent avoir un large choix de restaurants \u00e0 proximit\u00e9 imm\u00e9diate.<\/p>\n<p> L&rsquo;atmosph\u00e8re qui se d\u00e9gage des commentaires des utilisateurs est chaleureuse et conviviale. Les visiteurs r\u00e9guliers soulignent souvent le sentiment d&rsquo;appartenance \u00e0 une communaut\u00e9 et la possibilit\u00e9 de prier en toute tranquillit\u00e9 ou d&rsquo;\u00e9changer avec d&rsquo;autres personnes. Ceux qui se sentent \u00e0 l&rsquo;aise dans un cadre religieux et recherchent un environnement respectueux pour des \u00e9v\u00e9nements familiaux ou culturels appr\u00e9cieront sans doute m\u00eame les c\u00e9l\u00e9brations plus intimes, m\u00eame si l&rsquo;espace n&rsquo;est pas \u00e9quip\u00e9 comme <b>les salles<\/b> de r\u00e9ception modernes dot\u00e9es d&rsquo;une acoustique sp\u00e9cialis\u00e9e.<\/p>\n<p> On pourrait d\u00e9plorer le manque d&rsquo;informations publiques concernant la taille exacte des salles, la disposition des si\u00e8ges et les exigences relatives aux \u00e9v\u00e9nements ext\u00e9rieurs. Pour une planification cibl\u00e9e, il serait utile de conna\u00eetre la capacit\u00e9 d&rsquo;accueil d&rsquo;une salle, la pr\u00e9sence d&rsquo;espaces suppl\u00e9mentaires pour les enfants, les pauses ou la pr\u00e9paration, ainsi que les proc\u00e9dures d\u00e9finies pour les groupes ext\u00e9rieurs. Compar\u00e9es aux informations d\u00e9taill\u00e9es fournies par les lieux \u00e9v\u00e9nementiels sur leurs services de restauration, leurs \u00e9quipements techniques et leurs formules, les informations disponibles semblent plut\u00f4t limit\u00e9es.<\/p>\n<p> Pour ceux qui recherchent un lieu mettant l&rsquo;accent sur l&rsquo;identit\u00e9 religieuse, la culture albanaise et la communaut\u00e9, le Centre culturel albanais-islamique du Haut-Valais constitue un point de r\u00e9f\u00e9rence central. Toutefois, pour les clients privil\u00e9giant un cadre professionnel avec <b>un service<\/b> complet, un soutien technique et des options de restauration flexibles, le centre se pr\u00e9sente davantage comme un compl\u00e9ment aux espaces \u00e9v\u00e9nementiels sp\u00e9cialis\u00e9s que comme une alternative directe. De ce fait, la mosqu\u00e9e est particuli\u00e8rement adapt\u00e9e aux occasions o\u00f9 la spiritualit\u00e9, le sentiment d&rsquo;appartenance \u00e0 une famille et une hospitalit\u00e9 authentique priment sur les jeux de lumi\u00e8re, les d\u00e9corations sophistiqu\u00e9es ou les menus \u00e9labor\u00e9s.<\/p>\n<p> L&rsquo;impression g\u00e9n\u00e9rale est celle d&rsquo;un lieu tr\u00e8s bien entretenu, qui remplit parfaitement sa fonction de mosqu\u00e9e et offre un cadre stable \u00e0 la communaut\u00e9 musulmane albanaise de la r\u00e9gion. Ceux qui s&rsquo;y rendent avec des attentes r\u00e9alistes quant aux limites et aux possibilit\u00e9s d&rsquo;un centre culturel et religieux, et qui comprennent qu&rsquo;il ne s&rsquo;agit pas d&rsquo;un <b>lieu \u00e9v\u00e9nementiel<\/b> commercial classique avec un <b>service traiteur<\/b> int\u00e9gr\u00e9, peuvent y trouver des espaces adapt\u00e9s \u00e0 des occasions sp\u00e9cifiques, principalement \u00e0 vocation communautaire.<\/p>\n","protected":false},"excerpt":{"rendered":"<p>Le Centre culturel albanais-islamique du Haut-Valais propose des salles bien entretenues pour la communaut\u00e9 et la pri\u00e8re, mais ne convient que dans une certaine mesure \u00e0 un salon de f\u00eates classique avec service traiteur.<\/p>\n","protected":false},"author":1,"featured_media":22002,"template":"","business-categories":[9316],"business-locations":[5809,6667],"business-countries":[48],"business_franchises":[9676],"class_list":["post-22005","business","type-business","status-publish","has-post-thumbnail","hentry","business_category-moschee","business_location-visp","business_location-wallis","business_country-ch","business_franchises-albanischislamisches-kulturzentrum-oberwallis"],"_links":{"self":[{"href":"https:\/\/planetamagico.ch\/fr\/wp-json\/wp\/v2\/businesses\/22005","targetHints":{"allow":["GET"]}}],"collection":[{"href":"https:\/\/planetamagico.ch\/fr\/wp-json\/wp\/v2\/businesses"}],"about":[{"href":"https:\/\/planetamagico.ch\/fr\/wp-json\/wp\/v2\/types\/business"}],"author":[{"embeddable":true,"href":"https:\/\/planetamagico.ch\/fr\/wp-json\/wp\/v2\/users\/1"}],"version-history":[{"count":0,"href":"https:\/\/planetamagico.ch\/fr\/wp-json\/wp\/v2\/businesses\/22005\/revisions"}],"wp:featuredmedia":[{"embeddable":true,"href":"https:\/\/planetamagico.ch\/fr\/wp-json\/wp\/v2\/media\/22002"}],"wp:attachment":[{"href":"https:\/\/planetamagico.ch\/fr\/wp-json\/wp\/v2\/media?parent=22005"}],"wp:term":[{"taxonomy":"business_category","embeddable":true,"href":"https:\/\/planetamagico.ch\/fr\/wp-json\/wp\/v2\/business-categories?post=22005"},{"taxonomy":"business_location","embeddable":true,"href":"https:\/\/planetamagico.ch\/fr\/wp-json\/wp\/v2\/business-locations?post=22005"},{"taxonomy":"business_country","embeddable":true,"href":"https:\/\/planetamagico.ch\/fr\/wp-json\/wp\/v2\/business-countries?post=22005"},{"taxonomy":"business_franchises","embeddable":true,"href":"https:\/\/planetamagico.ch\/fr\/wp-json\/wp\/v2\/business_franchises?post=22005"}],"curies":[{"name":"wp","href":"https:\/\/api.w.org\/{rel}","templated":true}]}}