{"id":9529,"date":"2026-02-11T17:16:11","date_gmt":"2026-02-11T16:16:11","guid":{"rendered":"https:\/\/planetamagico.ch\/business\/salle-de-la-terrasse-2\/"},"modified":"2026-02-11T17:16:11","modified_gmt":"2026-02-11T16:16:11","slug":"salle-de-la-terrasse","status":"publish","type":"business","link":"https:\/\/planetamagico.ch\/fr\/salle-evenements\/salle-de-la-terrasse\/","title":{"rendered":"Salle de la Terrasse"},"content":{"rendered":"<p>La Salle de la Terrasse est un espace \u00e9v\u00e9nementiel polyvalent situ\u00e9 \u00e0 V\u00e9senaz, principalement utilis\u00e9 pour des c\u00e9l\u00e9brations priv\u00e9es et publiques, des r\u00e9unions associatives et des manifestations culturelles. G\u00e9r\u00e9e par la commune de Collonge-Bellerive, la salle b\u00e9n\u00e9ficie d&rsquo;un cadre clair pour les locations, mais les proc\u00e9dures administratives qui peuvent s&rsquo;av\u00e9rer moins flexibles pour tous.<\/p>\n<p> La salle est con\u00e7ue pour accueillir une grande vari\u00e9t\u00e9 d&rsquo;\u00e9v\u00e9nements\u00a0: f\u00eates de famille, r\u00e9unions associatives ou \u00e9v\u00e9nements professionnels. Ceux qui recherchent un lieu pour un anniversaire, un bapt\u00eame ou un anniversaire de mariage y trouveront un espace fonctionnel et personnalisable gr\u00e2ce \u00e0 une d\u00e9coration adapt\u00e9e. L&rsquo;endroit est particuli\u00e8rement bien adapt\u00e9 aux mariages et aux grandes r\u00e9ceptions, notamment pour ceux qui appr\u00e9cient un cadre classique et \u00e9l\u00e9gant et pr\u00e9f\u00e8rent se charger eux-m\u00eames de la d\u00e9coration.<\/p>\n<p> En tant que <b>lieu \u00e9v\u00e9nementiel,<\/b> la Salle de la Terrasse offre une infrastructure simple et fonctionnelle, parfaitement adapt\u00e9e aux occasions gr\u00e2ce \u00e0 son agencement spatial clair. L&rsquo;atmosph\u00e8re y est fortement influenc\u00e9e par la d\u00e9coration, l&rsquo;\u00e9clairage et le mobilier choisis, ce qui repr\u00e9sente un atout pour les organisateurs cr\u00e9atifs mais peut aussi impliquer un travail de planification suppl\u00e9mentaire pour d&rsquo;autres.<\/p>\n<p> Pour les r\u00e9ceptions priv\u00e9es, la salle peut \u00eatre am\u00e9nag\u00e9e en espace de r\u00e9ception, avec des possibilit\u00e9s pour les banquets, les buffets ou les ap\u00e9ritifs. La disposition des si\u00e8ges est g\u00e9n\u00e9ralement flexible\u00a0: configuration banquet, th\u00e9\u00e2tre ou hybride, permettant ainsi de profiter \u00e0 la fois d&rsquo;un repas et d&rsquo;une piste de danse\/sc\u00e8ne. Toute personne organisant une f\u00eate anim\u00e9e doit se renseigner au pr\u00e9alable sur le mat\u00e9riel technique disponible (sonorisation, microphone, sc\u00e8ne, etc.) et sur ce qui pourrait n\u00e9cessiter une location.<\/p>\n<h2> Infrastructure et \u00e9quipements<\/h2>\n<p> Situ\u00e9 au 35, rue Chem. du Vieux-V\u00e9senaz, le lieu est facilement accessible depuis toute la r\u00e9gion et sa proximit\u00e9 avec le r\u00e9seau routier local est un atout pour les invit\u00e9s venant en voiture. Selon l&rsquo;\u00e9v\u00e9nement, le stationnement peut s&rsquo;av\u00e9rer difficile, notamment pour les grands rassemblements. Il est donc conseill\u00e9 de se renseigner au pr\u00e9alable sur les possibilit\u00e9s de stationnement suppl\u00e9mentaires ou l&rsquo;utilisation des transports en commun.<\/p>\n<p> Les locaux sont fonctionnels et meubl\u00e9s avec simplicit\u00e9, offrant ainsi une base neutre pour une grande vari\u00e9t\u00e9 de concepts de d\u00e9coration. Pour une occasion formelle, comme une r\u00e9union g\u00e9n\u00e9rale ou un s\u00e9minaire, une ambiance plus professionnelle peut \u00eatre cr\u00e9\u00e9e, tandis que pour un mariage ou une f\u00eate d&rsquo;anniversaire, les tissus, l&rsquo;\u00e9clairage et les compositions florales peuvent instaurer une atmosph\u00e8re festive. Cependant, les personnes ayant des exigences \u00e9lev\u00e9es en mati\u00e8re de design ou recherchant une ambiance tr\u00e8s sp\u00e9cifique devront pr\u00e9voir un budget pour des travaux et du mat\u00e9riel suppl\u00e9mentaires.<\/p>\n<p> Le b\u00e2timent dispose d&rsquo;une entr\u00e9e accessible aux personnes en fauteuil roulant, un atout ind\u00e9niable pour l&rsquo;accessibilit\u00e9. Les personnes \u00e0 mobilit\u00e9 r\u00e9duite peuvent ainsi assister \u00e0 l&rsquo;\u00e9v\u00e9nement sans difficult\u00e9 majeure. Le confort de circulation \u00e0 l&rsquo;int\u00e9rieur (espacement suffisant entre les tables, acc\u00e8s aux sanitaires, etc.) d\u00e9pend fortement de la disposition des si\u00e8ges et du type d&rsquo;\u00e9v\u00e9nement\u00a0; il convient donc d&rsquo;en tenir compte d\u00e8s la phase de planification.<\/p>\n<h2> Options de restauration et de gastronomie<\/h2>\n<p> La \u00ab Salle de la Terrasse \u00bb est propos\u00e9e par la municipalit\u00e9 \u00e0 la location, et non comme un \u00e9tablissement de restauration traditionnel avec sa propre cuisine. De ce fait, les organisateurs d&rsquo;\u00e9v\u00e9nements font souvent appel \u00e0 des prestataires externes pour <b>le service traiteur<\/b> . Cela leur offre une plus grande libert\u00e9 dans le choix du menu, du style de service et du budget, mais implique en contrepartie une plus grande responsabilit\u00e9 et une coordination accrue.<\/p>\n<p> Quiconque souhaite b\u00e9n\u00e9ficier d&rsquo;une <b>prestation traiteur<\/b> cl\u00e9 en main pour une r\u00e9ception \u2013 incluant cuisine, service, d\u00e9coration et mat\u00e9riel technique, le tout fourni par un seul prestataire \u2013 doit savoir que cela est g\u00e9n\u00e9ralement possible uniquement par le biais de prestataires externes. De nombreux traiteurs de la r\u00e9gion genevoise sont habitu\u00e9s \u00e0 organiser des \u00e9v\u00e9nements dans les salles communales et proposent des solutions compl\u00e8tes avec buffets, service \u00e0 table ou cocktail d\u00eenatoire. Cette approche peut simplifier l&rsquo;organisation, mais, selon les besoins, elle sera proportionnellement plus on\u00e9reuse.<\/p>\n<p> Pour les \u00e9v\u00e9nements d&rsquo;entreprise, l&rsquo;alliance d&rsquo;un espace neutre et d&rsquo;une restauration flexible est id\u00e9ale. Un traiteur professionnel peut transformer la salle en un cadre fonctionnel pour des s\u00e9minaires avec pauses-caf\u00e9, des cocktails d\u00eenatoires ou des d\u00eeners de gala. Les entreprises disposant d&rsquo;un budget plus limit\u00e9 peuvent opter pour des solutions plus simples, comme des plateaux froids, des amuse-bouches ou un buffet partiellement \u00e0 disposition des clients, sous r\u00e9serve de l&rsquo;autorisation du contrat de location.<\/p>\n<h2> Id\u00e9al pour les mariages et les grandes c\u00e9l\u00e9brations<\/h2>\n<p> Pour les couples en qu\u00eate d&rsquo;un <b>lieu de r\u00e9ception<\/b> , la Salle de la Terrasse offre un cadre \u00e0 la fois simple et modulable. Cet espace est particuli\u00e8rement adapt\u00e9 aux mariages o\u00f9 une part importante du budget est consacr\u00e9e au repas, \u00e0 la musique ou \u00e0 la d\u00e9coration, plut\u00f4t qu&rsquo;\u00e0 un lieu luxueux au style rigide. Ceux qui ont une vision pr\u00e9cise de l&rsquo;ambiance qu&rsquo;ils souhaitent donner \u00e0 la salle peuvent y apporter une touche personnelle gr\u00e2ce \u00e0 une d\u00e9coration cr\u00e9ative.<\/p>\n<p> L&rsquo;un des avantages est que la salle est souvent suffisamment grande pour accueillir \u00e0 la fois le repas, la danse et les animations. Cependant, les couples doivent tenir compte de l&rsquo;acoustique\u00a0: dans les salles polyvalentes, le niveau sonore peut \u00eatre assez \u00e9lev\u00e9 selon la disposition des si\u00e8ges et le nombre d&rsquo;invit\u00e9s. Pour les discours et les prestations musicales, l&rsquo;utilisation d&rsquo;un \u00e9quipement de sonorisation adapt\u00e9 est recommand\u00e9e\u00a0; il convient de se renseigner aupr\u00e8s de la direction ou des prestataires externes \u00e0 ce sujet.<\/p>\n<p> Ceux qui s&rsquo;attendent \u00e0 un mariage particuli\u00e8rement \u00e9l\u00e9gant ou luxueux pourraient trouver l&rsquo;architecture et les environs plut\u00f4t sobres. Le point fort du lieu r\u00e9side moins dans des vues spectaculaires ou une d\u00e9coration int\u00e9rieure \u00e9labor\u00e9e que dans sa flexibilit\u00e9 et la possibilit\u00e9 de concr\u00e9tiser ses propres id\u00e9es. Pour certains, c&rsquo;est un atout majeur, pour d&rsquo;autres une contrainte, car cela exige davantage d&rsquo;initiative.<\/p>\n<h2> Organisation, administration et conditions<\/h2>\n<p> La Salle de la Terrasse \u00e9tant g\u00e9r\u00e9e par la municipalit\u00e9, les modalit\u00e9s de r\u00e9servation et d&rsquo;utilisation sont g\u00e9n\u00e9ralement clairement d\u00e9finies. Ceci garantit la transparence concernant les tarifs de location, les d\u00e9p\u00f4ts de garantie et les conditions d&rsquo;utilisation. En revanche, les d\u00e9marches administratives peuvent \u00eatre plus formelles et moins flexibles que pour les \u00e9tablissements priv\u00e9s. Il est donc conseill\u00e9 \u00e0 ceux qui souhaitent effectuer des modifications de derni\u00e8re minute de s&rsquo;y prendre \u00e0 l&rsquo;avance et de communiquer avec la direction de mani\u00e8re pr\u00e9cise et rapide.<\/p>\n<p> Les conditions d&rsquo;utilisation \u2013 concernant par exemple le bruit, le nettoyage final, la d\u00e9coration ou l&rsquo;utilisation de la cuisine \u2013 sont, comme l&rsquo;exp\u00e9rience l&rsquo;a d\u00e9montr\u00e9, pr\u00e9cis\u00e9es en d\u00e9tail. Cela \u00e9vite les malentendus, mais oblige \u00e9galement les organisateurs \u00e0 lire et \u00e0 respecter scrupuleusement ces r\u00e8gles. Selon les pratiques municipales, les clubs et les associations locales peuvent b\u00e9n\u00e9ficier de tarifs r\u00e9duits, tandis que les \u00e9v\u00e9nements priv\u00e9s ou commerciaux seront soumis \u00e0 une tarification diff\u00e9rente.<\/p>\n<p> Un point souvent soulign\u00e9 par les utilisateurs est la fiabilit\u00e9\u00a0: les dates, les horaires et les arrangements r\u00e9serv\u00e9s sont g\u00e9n\u00e9ralement respect\u00e9s. En revanche, certains regrettent l\u2019absence syst\u00e9matique d\u2019un membre de l\u2019\u00e9quipe administrative sur place pendant l\u2019\u00e9v\u00e9nement, ce qui implique une plus grande responsabilit\u00e9 personnelle dans la r\u00e9solution des probl\u00e8mes techniques ou organisationnels.<\/p>\n<h2> Points forts et points faibles du point de vue des clients<\/h2>\n<p> Parmi ses atouts les plus souvent cit\u00e9s figurent sa situation id\u00e9ale dans le quartier, la fonctionnalit\u00e9 des locaux et sa capacit\u00e9 \u00e0 accueillir une grande vari\u00e9t\u00e9 d&rsquo;\u00e9v\u00e9nements. Nombreux sont ceux qui appr\u00e9cient le fait que la salle puisse \u00eatre utilis\u00e9e pour des f\u00eates de famille, des \u00e9v\u00e9nements associatifs, des manifestations culturelles ou des r\u00e9unions professionnelles. Son accessibilit\u00e9 sans obstacle est \u00e9galement un point positif, car elle favorise la participation de tous.<\/p>\n<p> La clart\u00e9 de l&rsquo;agencement et la flexibilit\u00e9 des si\u00e8ges sont des atouts ind\u00e9niables. Les organisateurs de banquets appr\u00e9cient la possibilit\u00e9 de combiner harmonieusement salle \u00e0 manger, piste de danse et, au besoin, sc\u00e8ne ou espace de pr\u00e9sentation. Avec un <b>service traiteur<\/b> adapt\u00e9, il est possible de cr\u00e9er une formule compl\u00e8te r\u00e9pondant aux besoins de diff\u00e9rents publics, des familles aux clubs en passant par les entreprises.<\/p>\n<p> En revanche, on reproche parfois \u00e0 une salle, sans d\u00e9coration particuli\u00e8re, de para\u00eetre trop formelle et de ne pas cr\u00e9er spontan\u00e9ment une ambiance festive. L&rsquo;acoustique d&rsquo;une salle polyvalente peut \u00e9galement engendrer un niveau sonore plus \u00e9lev\u00e9, notamment lors d&rsquo;\u00e9v\u00e9nements \u00e0 forte affluence. De plus, certains utilisateurs trouvent l&rsquo;administration rigide et les r\u00e8gles strictes peu flexibles, surtout lorsqu&rsquo;ils ont des demandes sp\u00e9cifiques ou des changements de derni\u00e8re minute.<\/p>\n<h2> \u00c0 qui s&rsquo;adresse la \u00ab Salle de la Terrasse \u00bb ?<\/h2>\n<p> Pour les organisateurs d&rsquo;\u00e9v\u00e9nements qui recherchent un espace neutre et facilement accessible, et qui souhaitent prendre en charge la d\u00e9coration, le mat\u00e9riel technique et <b>le service traiteur<\/b> , la Salle de la Terrasse est une excellente option. Les familles en qu\u00eate d&rsquo;un <b>lieu<\/b> pour une f\u00eate d&rsquo;anniversaire, un bapt\u00eame ou un anniversaire de mariage y trouveront un cadre id\u00e9al pour concr\u00e9tiser leurs projets. Les clubs et associations locales appr\u00e9cient la modularit\u00e9 de la salle pour leurs r\u00e9unions, c\u00e9l\u00e9brations et \u00e9v\u00e9nements culturels.<\/p>\n<p> Les entreprises souhaitant organiser un \u00e9v\u00e9nement dans un cadre neutre peuvent utiliser la salle pour des s\u00e9minaires, des formations, des c\u00e9l\u00e9brations internes ou des \u00e9v\u00e9nements clients. Avec un traiteur adapt\u00e9, il est possible de cr\u00e9er un environnement professionnel, \u00e0 la fois fonctionnel et festif. Pour les couples en qu\u00eate d&rsquo;un lieu de mariage offrant une grande libert\u00e9 cr\u00e9ative et pr\u00eats \u00e0 s&rsquo;investir dans la planification et la d\u00e9coration, la Salle de la Terrasse repr\u00e9sente une alternative \u00e9conomique aux lieux de r\u00e9ception on\u00e9reux.<\/p>\n<p> Ceux qui recherchent un lieu au caract\u00e8re affirm\u00e9 et distinctif, avec un design int\u00e9rieur haut de gamme et un service complet int\u00e9gr\u00e9, seront probablement moins s\u00e9duits. Dans ce cas, il faudrait faire appel \u00e0 des prestataires suppl\u00e9mentaires pour la d\u00e9coration, la technologie et l&rsquo;organisation, ce qui est possible mais complexifie la coordination. Globalement, la \u00ab\u00a0Salle de la Terrasse\u00a0\u00bb offre un espace fonctionnel et adaptable qui r\u00e9v\u00e8le tout son potentiel lorsque les organisateurs ont des id\u00e9es pr\u00e9cises et fa\u00e7onnent activement l&rsquo;espace selon leurs besoins.<\/p>\n","protected":false},"excerpt":{"rendered":"<p>La Salle de la Terrasse \u00e0 V\u00e9senaz propose des salons modulables pour les \u00e9v\u00e9nements, des Salones de fiestas, des Salones de boda et des services de restauration pour des occasions priv\u00e9es et professionnelles.<\/p>\n","protected":false},"author":1,"featured_media":0,"template":"","business-categories":[78],"business-locations":[6126,6532],"business-countries":[48],"business_franchises":[4199],"class_list":["post-9529","business","type-business","status-publish","hentry","business_category-veranstaltungsstaette","business_location-geneve","business_location-vesenaz","business_country-ch","business_franchises-salle-de-la-terrasse"],"_links":{"self":[{"href":"https:\/\/planetamagico.ch\/fr\/wp-json\/wp\/v2\/businesses\/9529","targetHints":{"allow":["GET"]}}],"collection":[{"href":"https:\/\/planetamagico.ch\/fr\/wp-json\/wp\/v2\/businesses"}],"about":[{"href":"https:\/\/planetamagico.ch\/fr\/wp-json\/wp\/v2\/types\/business"}],"author":[{"embeddable":true,"href":"https:\/\/planetamagico.ch\/fr\/wp-json\/wp\/v2\/users\/1"}],"version-history":[{"count":0,"href":"https:\/\/planetamagico.ch\/fr\/wp-json\/wp\/v2\/businesses\/9529\/revisions"}],"wp:attachment":[{"href":"https:\/\/planetamagico.ch\/fr\/wp-json\/wp\/v2\/media?parent=9529"}],"wp:term":[{"taxonomy":"business_category","embeddable":true,"href":"https:\/\/planetamagico.ch\/fr\/wp-json\/wp\/v2\/business-categories?post=9529"},{"taxonomy":"business_location","embeddable":true,"href":"https:\/\/planetamagico.ch\/fr\/wp-json\/wp\/v2\/business-locations?post=9529"},{"taxonomy":"business_country","embeddable":true,"href":"https:\/\/planetamagico.ch\/fr\/wp-json\/wp\/v2\/business-countries?post=9529"},{"taxonomy":"business_franchises","embeddable":true,"href":"https:\/\/planetamagico.ch\/fr\/wp-json\/wp\/v2\/business_franchises?post=9529"}],"curies":[{"name":"wp","href":"https:\/\/api.w.org\/{rel}","templated":true}]}}